{"id":1054,"date":"2024-06-06T08:28:41","date_gmt":"2024-06-06T06:28:41","guid":{"rendered":"https:\/\/leportevoix.fr\/past-dates\/"},"modified":"2025-06-16T17:42:44","modified_gmt":"2025-06-16T15:42:44","slug":"past-dates","status":"publish","type":"page","link":"https:\/\/leportevoix.fr\/en\/past-dates\/","title":{"rendered":"Past dates"},"content":{"rendered":"<div class=\"wpb-content-wrapper\"><p>[vc_row padding_top_multiplier=&#8221;&#8221; columns_gap=&#8221;none&#8221; mobile_columns_vertical_gap=&#8221;none&#8221;][vc_column][vc_column_text css=&#8221;&#8221;]<div id=\"vsel\" class=\"vsel-shortcode vsel-shortcode-past-events\"><div id=\"event-1312\" class=\"vsel-content saison-2024-2025-en vsel-past\"><div class=\"vsel-meta vsel-alignleft\" style=\"width:36%;\"><div class=\"vsel-meta-date vsel-meta-combined-date\"><span>29 May 2025<\/span> - <span>3 June 2025<\/span><\/div><\/div><div class=\"vsel-info vsel-alignright\" style=\"width:60%;\"><div class=\"vsel-text\"><div class=\"wpb-content-wrapper\"><p>[vc_row section_type=&#8221;fullwidth&#8221; padding_top_multiplier=&#8221;&#8221; padding_bottom_multiplier=&#8221;&#8221; columns_gap=&#8221;none&#8221; mobile_columns_vertical_gap=&#8221;none&#8221;][vc_column width=&#8221;1\/2&#8243; rc_heading_color=&#8221;primary-3&#8243; rc_link_color=&#8221;primary-3&#8243; grve_css=&#8221;{&#8220;desktop&#8220;:{&#8220;margin-top&#8220;:&#8220;0&#8220;,&#8220;class&#8220;:&#8220;grve-wpb-1714918164880&#8220;}}&#8221;]<h5 class=\"grve-element grve-title grve-align-inherit grve-h5 grve-text-primary-3\" style=\"margin-bottom: 10px;\"><span><a href=\"https:\/\/leportevoix.fr\/en\/show-le-porte-voix\/nanoulak\/\">NANOULAK<\/a><\/span><\/h5>[\/vc_column][vc_column width=&#8221;1\/2&#8243; grve_css=&#8221;{&#8220;desktop&#8220;:{&#8220;margin-top&#8220;:&#8220;0&#8220;,&#8220;class&#8220;:&#8220;grve-wpb-1714918301851&#8220;}}&#8221;][vc_column_text css=&#8221;&#8221;]<strong>Blainville-sur-Orne (14), Th\u00e9\u00e2tre du Champ Exquis, sc\u00e8ne conventionn\u00e9e<\/strong><\/p>\n<p><strong> <\/strong><\/p>\n<p><strong> <\/strong><\/p>\n<p><strong> <\/strong>[\/vc_column_text][vc_column_text css=&#8221;&#8221; text_style=&#8221;small-text&#8221;]Creative residency on stage and with audiences[\/vc_column_text][\/vc_column][\/vc_row]<\/p>\n<\/div><\/div><\/div><\/div><div id=\"event-1211\" class=\"vsel-content season-2023-2024-en vsel-past\"><div class=\"vsel-meta vsel-alignleft\" style=\"width:36%;\"><div class=\"vsel-meta-date vsel-meta-combined-date\"><span>6 July 2024<\/span> - <span>21 July 2024<\/span><\/div><\/div><div class=\"vsel-info vsel-alignright\" style=\"width:60%;\"><div class=\"vsel-text\"><div class=\"wpb-content-wrapper\"><p>[vc_row section_type=&#8221;fullwidth&#8221; padding_top_multiplier=&#8221;&#8221; padding_bottom_multiplier=&#8221;&#8221; columns_gap=&#8221;none&#8221; mobile_columns_vertical_gap=&#8221;none&#8221;][vc_column width=&#8221;1\/2&#8243; rc_heading_color=&#8221;primary-3&#8243; rc_link_color=&#8221;primary-3&#8243; grve_css=&#8221;{&#8220;desktop&#8220;:{&#8220;margin-top&#8220;:&#8220;0&#8220;,&#8220;class&#8220;:&#8220;grve-wpb-1714918164880&#8220;}}&#8221;]<h5 class=\"grve-element grve-title grve-align-inherit grve-h5 grve-text-primary-3\" style=\"margin-bottom: 10px;\"><span><a href=\"https:\/\/leportevoix.fr\/en\/show-le-porte-voix\/oka\/\">Oka<\/a><\/span><\/h5>[\/vc_column][vc_column width=&#8221;1\/2&#8243; grve_css=&#8221;{&#8220;desktop&#8220;:{&#8220;margin-top&#8220;:&#8220;0&#8220;,&#8220;class&#8220;:&#8220;grve-wpb-1714918301851&#8220;}}&#8221;][vc_column_text css=&#8221;&#8221;]<strong>Festival d&#8217;Avignon OFF (84), Cours du Spectateur<\/strong>[\/vc_column_text][vc_column_text css=&#8221;&#8221; text_style=&#8221;small-text&#8221;]Performances at 4pm.<br \/>\nNo shows on Mondays 8 and 15 July[\/vc_column_text][\/vc_column][\/vc_row]<\/p>\n<\/div><\/div><\/div><\/div><div id=\"event-1205\" class=\"vsel-content season-2023-2024-en vsel-past\"><div class=\"vsel-meta vsel-alignleft\" style=\"width:36%;\"><div class=\"vsel-meta-date vsel-meta-combined-date\"><span>24 June 2024<\/span> - <span>27 June 2024<\/span><\/div><\/div><div class=\"vsel-info vsel-alignright\" style=\"width:60%;\"><div class=\"vsel-text\"><div class=\"wpb-content-wrapper\"><p>[vc_row section_type=&#8221;fullwidth&#8221; padding_top_multiplier=&#8221;&#8221; padding_bottom_multiplier=&#8221;&#8221; columns_gap=&#8221;none&#8221; mobile_columns_vertical_gap=&#8221;none&#8221;][vc_column width=&#8221;1\/2&#8243; rc_heading_color=&#8221;primary-3&#8243; rc_link_color=&#8221;primary-3&#8243; grve_css=&#8221;{&#8220;desktop&#8220;:{&#8220;margin-top&#8220;:&#8220;0&#8220;,&#8220;class&#8220;:&#8220;grve-wpb-1714918164880&#8220;}}&#8221;]<h5 class=\"grve-element grve-title grve-align-inherit grve-h5 grve-text-primary-3\" style=\"margin-bottom: 10px;\"><span><a href=\"https:\/\/leportevoix.fr\/en\/show-le-porte-voix\/anima\/\">ANiMA<\/a><\/span><\/h5>[\/vc_column][vc_column width=&#8221;1\/2&#8243; grve_css=&#8221;{&#8220;desktop&#8220;:{&#8220;margin-top&#8220;:&#8220;0&#8220;,&#8220;class&#8220;:&#8220;grve-wpb-1714918301851&#8220;}}&#8221;][vc_column_text css=&#8221;&#8221;]<strong>Pays de Chantonnay (85)<\/strong>[\/vc_column_text][vc_column_text css=&#8221;&#8221; text_style=&#8221;small-text&#8221;]7 performances[\/vc_column_text][\/vc_column][\/vc_row]<\/p>\n<\/div><\/div><\/div><\/div><div id=\"event-1204\" class=\"vsel-content season-2023-2024-en vsel-past\"><div class=\"vsel-meta vsel-alignleft\" style=\"width:36%;\"><div class=\"vsel-meta-date vsel-meta-single-date\"><span>16 June 2024<\/span><\/div><\/div><div class=\"vsel-info vsel-alignright\" style=\"width:60%;\"><div class=\"vsel-text\"><div class=\"wpb-content-wrapper\"><p>[vc_row section_type=&#8221;fullwidth&#8221; padding_top_multiplier=&#8221;&#8221; padding_bottom_multiplier=&#8221;&#8221; columns_gap=&#8221;none&#8221; mobile_columns_vertical_gap=&#8221;none&#8221;][vc_column width=&#8221;1\/2&#8243; rc_heading_color=&#8221;primary-3&#8243; rc_link_color=&#8221;primary-3&#8243; grve_css=&#8221;{&#8220;desktop&#8220;:{&#8220;margin-top&#8220;:&#8220;0&#8220;,&#8220;class&#8220;:&#8220;grve-wpb-1714918164880&#8220;}}&#8221;]<h5 class=\"grve-element grve-title grve-align-inherit grve-h5 grve-text-primary-3\" style=\"margin-bottom: 10px;\"><span><a href=\"https:\/\/leportevoix.fr\/en\/show-le-porte-voix\/oka\/\">Oka in the woods<\/a><\/span><\/h5>[\/vc_column][vc_column width=&#8221;1\/2&#8243; grve_css=&#8221;{&#8220;desktop&#8220;:{&#8220;margin-top&#8220;:&#8220;0&#8220;,&#8220;class&#8220;:&#8220;grve-wpb-1714918301851&#8220;}}&#8221;][vc_column_text css=&#8221;&#8221;]<strong>Sevran (93), Festival Un, Neuf, Trois Soleil !<\/strong>[\/vc_column_text][vc_column_text css=&#8221;&#8221; text_style=&#8221;small-text&#8221;]Parc de la Poudrerie<br \/>\n2 afternoon performances[\/vc_column_text][\/vc_column][\/vc_row]<\/p>\n<\/div><\/div><\/div><\/div><div id=\"event-1203\" class=\"vsel-content season-2023-2024-en vsel-past\"><div class=\"vsel-meta vsel-alignleft\" style=\"width:36%;\"><div class=\"vsel-meta-date vsel-meta-single-date\"><span>8 June 2024<\/span><\/div><\/div><div class=\"vsel-info vsel-alignright\" style=\"width:60%;\"><div class=\"vsel-text\"><div class=\"wpb-content-wrapper\"><p>[vc_row section_type=&#8221;fullwidth&#8221; padding_top_multiplier=&#8221;&#8221; padding_bottom_multiplier=&#8221;&#8221; columns_gap=&#8221;none&#8221; mobile_columns_vertical_gap=&#8221;none&#8221;][vc_column width=&#8221;1\/2&#8243; rc_heading_color=&#8221;primary-3&#8243; rc_link_color=&#8221;primary-3&#8243; grve_css=&#8221;{&#8220;desktop&#8220;:{&#8220;margin-top&#8220;:&#8220;0&#8220;,&#8220;class&#8220;:&#8220;grve-wpb-1714918164880&#8220;}}&#8221;]<h5 class=\"grve-element grve-title grve-align-inherit grve-h5 grve-text-primary-3\" style=\"margin-bottom: 10px;\"><span><a href=\"https:\/\/leportevoix.fr\/en\/show-le-porte-voix\/oka\/\">Oka in the woods<\/a><\/span><\/h5>[\/vc_column][vc_column width=&#8221;1\/2&#8243; grve_css=&#8221;{&#8220;desktop&#8220;:{&#8220;margin-top&#8220;:&#8220;0&#8220;,&#8220;class&#8220;:&#8220;grve-wpb-1714918301851&#8220;}}&#8221;][vc_column_text css=&#8221;&#8221;]<strong>Montreuil (93), Festival Un, Neuf, Trois Soleil !<\/strong>[\/vc_column_text][vc_column_text css=&#8221;&#8221; text_style=&#8221;small-text&#8221;]Parc Jean-Moulin \u2013 Les Guilands<br \/>\n2 afternoon performances[\/vc_column_text][\/vc_column][\/vc_row]<\/p>\n<\/div><\/div><\/div><\/div><div id=\"event-1202\" class=\"vsel-content season-2023-2024-en vsel-past\"><div class=\"vsel-meta vsel-alignleft\" style=\"width:36%;\"><div class=\"vsel-meta-date vsel-meta-single-date\"><span>8 June 2024<\/span><\/div><\/div><div class=\"vsel-info vsel-alignright\" style=\"width:60%;\"><div class=\"vsel-text\"><div class=\"wpb-content-wrapper\"><p>[vc_row section_type=&#8221;fullwidth&#8221; padding_top_multiplier=&#8221;&#8221; padding_bottom_multiplier=&#8221;&#8221; columns_gap=&#8221;none&#8221; mobile_columns_vertical_gap=&#8221;none&#8221;][vc_column width=&#8221;1\/2&#8243; rc_heading_color=&#8221;primary-3&#8243; rc_link_color=&#8221;primary-3&#8243; grve_css=&#8221;{&#8220;desktop&#8220;:{&#8220;margin-top&#8220;:&#8220;0&#8220;,&#8220;class&#8220;:&#8220;grve-wpb-1714918164880&#8220;}}&#8221;]<h5 class=\"grve-element grve-title grve-align-inherit grve-h5 grve-text-primary-3\" style=\"margin-bottom: 10px;\"><span><a href=\"https:\/\/leportevoix.fr\/en\/show-le-porte-voix\/okanina\/\">Okanina<\/a><\/span><\/h5>[\/vc_column][vc_column width=&#8221;1\/2&#8243; grve_css=&#8221;{&#8220;desktop&#8220;:{&#8220;margin-top&#8220;:&#8220;0&#8220;,&#8220;class&#8220;:&#8220;grve-wpb-1714918301851&#8220;}}&#8221;][vc_column_text css=&#8221;&#8221;]<strong>Reims (51), Festival Grandes Histoires pour Petites Oreilles<\/strong>[\/vc_column_text][vc_column_text css=&#8221;&#8221; text_style=&#8221;small-text&#8221;]2 performances<br \/>\nSaint-Remi Library, Reims[\/vc_column_text][\/vc_column][\/vc_row]<\/p>\n<\/div><\/div><\/div><\/div><div id=\"event-1162\" class=\"vsel-content season-2023-2024-en vsel-past\"><div class=\"vsel-meta vsel-alignleft\" style=\"width:36%;\"><div class=\"vsel-meta-date vsel-meta-combined-date\"><span>30 May 2024<\/span> - <span>31 May 2024<\/span><\/div><\/div><div class=\"vsel-info vsel-alignright\" style=\"width:60%;\"><div class=\"vsel-text\"><div class=\"wpb-content-wrapper\"><p>[vc_row section_type=&#8221;fullwidth&#8221; padding_top_multiplier=&#8221;&#8221; padding_bottom_multiplier=&#8221;&#8221; columns_gap=&#8221;none&#8221; mobile_columns_vertical_gap=&#8221;none&#8221;][vc_column width=&#8221;1\/2&#8243; rc_heading_color=&#8221;primary-3&#8243; rc_link_color=&#8221;primary-3&#8243; grve_css=&#8221;{&#8220;desktop&#8220;:{&#8220;margin-top&#8220;:&#8220;0&#8220;,&#8220;class&#8220;:&#8220;grve-wpb-1714918164880&#8220;}}&#8221;]<h5 class=\"grve-element grve-title grve-align-inherit grve-h5 grve-text-primary-3\" style=\"margin-bottom: 10px;\"><span><a href=\"https:\/\/leportevoix.fr\/spectacle-du-porte-voix\/oka\/\">Oka<\/a><\/span><\/h5>[\/vc_column][vc_column width=&#8221;1\/2&#8243; grve_css=&#8221;{&#8220;desktop&#8220;:{&#8220;margin-top&#8220;:&#8220;0&#8220;,&#8220;class&#8220;:&#8220;grve-wpb-1714918301851&#8220;}}&#8221;][vc_column_text css=&#8221;&#8221;]<strong>Montigny les Cormeilles (95), Espace Picasso<\/strong>[\/vc_column_text][vc_column_text css=&#8221;&#8221; text_style=&#8221;small-text&#8221;]6 performances[\/vc_column_text][\/vc_column][\/vc_row]<\/p>\n<\/div><\/div><\/div><\/div><div id=\"event-1163\" class=\"vsel-content season-2023-2024-en vsel-past\"><div class=\"vsel-meta vsel-alignleft\" style=\"width:36%;\"><div class=\"vsel-meta-date vsel-meta-single-date\"><span>29 May 2024<\/span><\/div><\/div><div class=\"vsel-info vsel-alignright\" style=\"width:60%;\"><div class=\"vsel-text\"><div class=\"wpb-content-wrapper\"><p>[vc_row section_type=&#8221;fullwidth&#8221; padding_top_multiplier=&#8221;&#8221; padding_bottom_multiplier=&#8221;&#8221; columns_gap=&#8221;none&#8221; mobile_columns_vertical_gap=&#8221;none&#8221;][vc_column width=&#8221;1\/2&#8243; rc_heading_color=&#8221;primary-3&#8243; rc_link_color=&#8221;primary-3&#8243; grve_css=&#8221;{&#8220;desktop&#8220;:{&#8220;margin-top&#8220;:&#8220;0&#8220;,&#8220;class&#8220;:&#8220;grve-wpb-1714918164880&#8220;}}&#8221;]<h5 class=\"grve-element grve-title grve-align-inherit grve-h5 grve-text-primary-3\" style=\"margin-bottom: 10px;\"><span><a href=\"https:\/\/leportevoix.fr\/en\/show-le-porte-voix\/okanina\/\">Okanina<\/a><\/span><\/h5>[\/vc_column][vc_column width=&#8221;1\/2&#8243; grve_css=&#8221;{&#8220;desktop&#8220;:{&#8220;margin-top&#8220;:&#8220;0&#8220;,&#8220;class&#8220;:&#8220;grve-wpb-1714918301851&#8220;}}&#8221;][vc_column_text css=&#8221;&#8221;]<strong>Montigny les Cormeilles (95)<\/strong>[\/vc_column_text][vc_column_text css=&#8221;&#8221; text_style=&#8221;small-text&#8221;]2 performances[\/vc_column_text][\/vc_column][\/vc_row]<\/p>\n<\/div><\/div><\/div><\/div><div id=\"event-1169\" class=\"vsel-content season-2023-2024-en vsel-past\"><div class=\"vsel-meta vsel-alignleft\" style=\"width:36%;\"><div class=\"vsel-meta-date vsel-meta-combined-date\"><span>25 May 2024<\/span> - <span>26 May 2024<\/span><\/div><\/div><div class=\"vsel-info vsel-alignright\" style=\"width:60%;\"><div class=\"vsel-text\"><div class=\"wpb-content-wrapper\"><p>[vc_row section_type=&#8221;fullwidth&#8221; padding_top_multiplier=&#8221;&#8221; padding_bottom_multiplier=&#8221;&#8221; columns_gap=&#8221;none&#8221; mobile_columns_vertical_gap=&#8221;none&#8221;][vc_column width=&#8221;1\/2&#8243; rc_heading_color=&#8221;primary-3&#8243; rc_link_color=&#8221;primary-3&#8243; grve_css=&#8221;{&#8220;desktop&#8220;:{&#8220;margin-top&#8220;:&#8220;0&#8220;,&#8220;class&#8220;:&#8220;grve-wpb-1714918164880&#8220;}}&#8221;]<h5 class=\"grve-element grve-title grve-align-inherit grve-h5 grve-text-primary-3\" style=\"margin-bottom: 10px;\"><span><a href=\"https:\/\/leportevoix.fr\/en\/show-le-porte-voix\/oka\/\">Oka<\/a><\/span><\/h5>[\/vc_column][vc_column width=&#8221;1\/2&#8243; grve_css=&#8221;{&#8220;desktop&#8220;:{&#8220;margin-top&#8220;:&#8220;0&#8220;,&#8220;class&#8220;:&#8220;grve-wpb-1714918301851&#8220;}}&#8221;][vc_column_text css=&#8221;&#8221;]<strong>Bagneux (92)<\/strong>[\/vc_column_text][vc_column_text css=&#8221;&#8221; text_style=&#8221;small-text&#8221;]4 performances[\/vc_column_text][\/vc_column][\/vc_row]<\/p>\n<\/div><\/div><\/div><\/div><div id=\"event-1170\" class=\"vsel-content season-2023-2024-en vsel-past\"><div class=\"vsel-meta vsel-alignleft\" style=\"width:36%;\"><div class=\"vsel-meta-date vsel-meta-combined-date\"><span>23 May 2024<\/span> - <span>24 May 2024<\/span><\/div><\/div><div class=\"vsel-info vsel-alignright\" style=\"width:60%;\"><div class=\"vsel-text\"><div class=\"wpb-content-wrapper\"><p>[vc_row section_type=&#8221;fullwidth&#8221; padding_top_multiplier=&#8221;&#8221; padding_bottom_multiplier=&#8221;&#8221; columns_gap=&#8221;none&#8221; mobile_columns_vertical_gap=&#8221;none&#8221;][vc_column width=&#8221;1\/2&#8243; rc_heading_color=&#8221;primary-3&#8243; rc_link_color=&#8221;primary-3&#8243; grve_css=&#8221;{&#8220;desktop&#8220;:{&#8220;margin-top&#8220;:&#8220;0&#8220;,&#8220;class&#8220;:&#8220;grve-wpb-1714918164880&#8220;}}&#8221;]<h5 class=\"grve-element grve-title grve-align-inherit grve-h5 grve-text-primary-3\" style=\"margin-bottom: 10px;\"><span><a href=\"https:\/\/leportevoix.fr\/en\/show-le-porte-voix\/okanina\/\">Okanina<\/a><\/span><\/h5>[\/vc_column][vc_column width=&#8221;1\/2&#8243; grve_css=&#8221;{&#8220;desktop&#8220;:{&#8220;margin-top&#8220;:&#8220;0&#8220;,&#8220;class&#8220;:&#8220;grve-wpb-1714918301851&#8220;}}&#8221;][vc_column_text css=&#8221;&#8221;]<strong>Bagneux (92)<\/strong>[\/vc_column_text][vc_column_text css=&#8221;&#8221; text_style=&#8221;small-text&#8221;]2 performances a day, 4 cr\u00e8ches (morning and afternoon)[\/vc_column_text][\/vc_column][\/vc_row]<\/p>\n<\/div><\/div><\/div><\/div><div id=\"event-1171\" class=\"vsel-content season-2023-2024-en vsel-past\"><div class=\"vsel-meta vsel-alignleft\" style=\"width:36%;\"><div class=\"vsel-meta-date vsel-meta-combined-date\"><span>13 May 2024<\/span> - <span>17 May 2024<\/span><\/div><\/div><div class=\"vsel-info vsel-alignright\" style=\"width:60%;\"><div class=\"vsel-text\"><div class=\"wpb-content-wrapper\"><p>[vc_row section_type=&#8221;fullwidth&#8221; padding_top_multiplier=&#8221;&#8221; padding_bottom_multiplier=&#8221;&#8221; columns_gap=&#8221;none&#8221; mobile_columns_vertical_gap=&#8221;none&#8221;][vc_column width=&#8221;1\/2&#8243; rc_heading_color=&#8221;primary-3&#8243; rc_link_color=&#8221;primary-3&#8243; grve_css=&#8221;{&#8220;desktop&#8220;:{&#8220;margin-top&#8220;:&#8220;0&#8220;,&#8220;class&#8220;:&#8220;grve-wpb-1714918164880&#8220;}}&#8221;]<h5 class=\"grve-element grve-title grve-align-inherit grve-h5 grve-text-primary-3\" style=\"margin-bottom: 10px;\"><span><a href=\"https:\/\/leportevoix.fr\/en\/show-le-porte-voix\/oka\/\">Oka<\/a><\/span><\/h5>[\/vc_column][vc_column width=&#8221;1\/2&#8243; grve_css=&#8221;{&#8220;desktop&#8220;:{&#8220;margin-top&#8220;:&#8220;0&#8220;,&#8220;class&#8220;:&#8220;grve-wpb-1714918301851&#8220;}}&#8221;][vc_column_text css=&#8221;&#8221;]<strong>Bezons (95), Th\u00e9\u00e2tre Paul Eluard<\/strong>[\/vc_column_text][vc_column_text css=&#8221;&#8221; text_style=&#8221;small-text&#8221;]3 performances on Monday, Tuesday, Thursday and Friday<br \/>\n2 performances on Wednesday[\/vc_column_text][\/vc_column][\/vc_row]<\/p>\n<\/div><\/div><\/div><\/div><div id=\"event-1172\" class=\"vsel-content season-2023-2024-en vsel-past\"><div class=\"vsel-meta vsel-alignleft\" style=\"width:36%;\"><div class=\"vsel-meta-date vsel-meta-single-date\"><span>4 May 2024<\/span><\/div><\/div><div class=\"vsel-info vsel-alignright\" style=\"width:60%;\"><div class=\"vsel-text\"><div class=\"wpb-content-wrapper\"><p>[vc_row section_type=&#8221;fullwidth&#8221; padding_top_multiplier=&#8221;&#8221; padding_bottom_multiplier=&#8221;&#8221; columns_gap=&#8221;none&#8221; mobile_columns_vertical_gap=&#8221;none&#8221;][vc_column width=&#8221;1\/2&#8243; rc_heading_color=&#8221;primary-3&#8243; rc_link_color=&#8221;primary-3&#8243; grve_css=&#8221;{&#8220;desktop&#8220;:{&#8220;margin-top&#8220;:&#8220;0&#8220;,&#8220;class&#8220;:&#8220;grve-wpb-1714918164880&#8220;}}&#8221;]<h5 class=\"grve-element grve-title grve-align-inherit grve-h5 grve-text-primary-3\" style=\"margin-bottom: 10px;\"><span><a href=\"https:\/\/leportevoix.fr\/en\/show-le-porte-voix\/oka\/\">Oka<\/a><\/span><\/h5>[\/vc_column][vc_column width=&#8221;1\/2&#8243; grve_css=&#8221;{&#8220;desktop&#8220;:{&#8220;margin-top&#8220;:&#8220;0&#8220;,&#8220;class&#8220;:&#8220;grve-wpb-1714918301851&#8220;}}&#8221;][vc_column_text css=&#8221;&#8221;]<strong>Courbevoie (92)<\/strong>[\/vc_column_text][vc_column_text css=&#8221;&#8221; text_style=&#8221;small-text&#8221;]2 performances at 4pm and 5.15pm[\/vc_column_text][\/vc_column][\/vc_row]<\/p>\n<\/div><\/div><\/div><\/div><div id=\"event-1173\" class=\"vsel-content season-2023-2024-en vsel-past\"><div class=\"vsel-meta vsel-alignleft\" style=\"width:36%;\"><div class=\"vsel-meta-date vsel-meta-single-date\"><span>29 April 2024<\/span><\/div><\/div><div class=\"vsel-info vsel-alignright\" style=\"width:60%;\"><div class=\"vsel-text\"><div class=\"wpb-content-wrapper\"><p>[vc_row section_type=&#8221;fullwidth&#8221; padding_top_multiplier=&#8221;&#8221; padding_bottom_multiplier=&#8221;&#8221; columns_gap=&#8221;none&#8221; mobile_columns_vertical_gap=&#8221;none&#8221;][vc_column width=&#8221;1\/2&#8243; rc_heading_color=&#8221;primary-3&#8243; rc_link_color=&#8221;primary-3&#8243; grve_css=&#8221;{&#8220;desktop&#8220;:{&#8220;margin-top&#8220;:&#8220;0&#8220;,&#8220;class&#8220;:&#8220;grve-wpb-1714918164880&#8220;}}&#8221;]<h5 class=\"grve-element grve-title grve-align-inherit grve-h5 grve-text-primary-3\" style=\"margin-bottom: 10px;\"><span><a href=\"https:\/\/leportevoix.fr\/en\/show-le-porte-voix\/oka\/\">Oka<\/a><\/span><\/h5>[\/vc_column][vc_column width=&#8221;1\/2&#8243; grve_css=&#8221;{&#8220;desktop&#8220;:{&#8220;margin-top&#8220;:&#8220;0&#8220;,&#8220;class&#8220;:&#8220;grve-wpb-1714918301851&#8220;}}&#8221;][vc_column_text css=&#8221;&#8221;]<strong>Paris (75), Th\u00e9\u00e2tre du Parc<\/strong>[\/vc_column_text][vc_column_text css=&#8221;&#8221; text_style=&#8221;small-text&#8221;]1 performance at 6.00 pm[\/vc_column_text][\/vc_column][\/vc_row]<\/p>\n<\/div><\/div><\/div><\/div><div id=\"event-1174\" class=\"vsel-content season-2023-2024-en vsel-past\"><div class=\"vsel-meta vsel-alignleft\" style=\"width:36%;\"><div class=\"vsel-meta-date vsel-meta-single-date\"><span>27 April 2024<\/span><\/div><\/div><div class=\"vsel-info vsel-alignright\" style=\"width:60%;\"><div class=\"vsel-text\"><div class=\"wpb-content-wrapper\"><p>[vc_row section_type=&#8221;fullwidth&#8221; padding_top_multiplier=&#8221;&#8221; padding_bottom_multiplier=&#8221;&#8221; columns_gap=&#8221;none&#8221; mobile_columns_vertical_gap=&#8221;none&#8221;][vc_column width=&#8221;1\/2&#8243; rc_heading_color=&#8221;primary-3&#8243; rc_link_color=&#8221;primary-3&#8243; grve_css=&#8221;{&#8220;desktop&#8220;:{&#8220;margin-top&#8220;:&#8220;0&#8220;,&#8220;class&#8220;:&#8220;grve-wpb-1714918164880&#8220;}}&#8221;]<h5 class=\"grve-element grve-title grve-align-inherit grve-h5 grve-text-primary-3\" style=\"margin-bottom: 10px;\"><span><a href=\"https:\/\/leportevoix.fr\/en\/show-le-porte-voix\/anima\/\">ANiMA<\/a><\/span><\/h5>[\/vc_column][vc_column width=&#8221;1\/2&#8243; grve_css=&#8221;{&#8220;desktop&#8220;:{&#8220;margin-top&#8220;:&#8220;0&#8220;,&#8220;class&#8220;:&#8220;grve-wpb-1714918301851&#8220;}}&#8221;][vc_column_text css=&#8221;&#8221;]<strong>Lognes (77)<\/strong>[\/vc_column_text][vc_column_text css=&#8221;&#8221; text_style=&#8221;small-text&#8221;]2 performances[\/vc_column_text][\/vc_column][\/vc_row]<\/p>\n<\/div><\/div><\/div><\/div><div id=\"event-1175\" class=\"vsel-content season-2023-2024-en vsel-past\"><div class=\"vsel-meta vsel-alignleft\" style=\"width:36%;\"><div class=\"vsel-meta-date vsel-meta-combined-date\"><span>24 April 2024<\/span> - <span>25 April 2024<\/span><\/div><\/div><div class=\"vsel-info vsel-alignright\" style=\"width:60%;\"><div class=\"vsel-text\"><div class=\"wpb-content-wrapper\"><p>[vc_row section_type=&#8221;fullwidth&#8221; padding_top_multiplier=&#8221;&#8221; padding_bottom_multiplier=&#8221;&#8221; columns_gap=&#8221;none&#8221; mobile_columns_vertical_gap=&#8221;none&#8221;][vc_column width=&#8221;1\/2&#8243; rc_heading_color=&#8221;primary-3&#8243; rc_link_color=&#8221;primary-3&#8243; grve_css=&#8221;{&#8220;desktop&#8220;:{&#8220;margin-top&#8220;:&#8220;0&#8220;,&#8220;class&#8220;:&#8220;grve-wpb-1714918164880&#8220;}}&#8221;]<h5 class=\"grve-element grve-title grve-align-inherit grve-h5 grve-text-primary-3\" style=\"margin-bottom: 10px;\"><span><a href=\"https:\/\/leportevoix.fr\/en\/show-le-porte-voix\/koom\/\">Koom<\/a><\/span><\/h5>[\/vc_column][vc_column width=&#8221;1\/2&#8243; grve_css=&#8221;{&#8220;desktop&#8220;:{&#8220;margin-top&#8220;:&#8220;0&#8220;,&#8220;class&#8220;:&#8220;grve-wpb-1714918301851&#8220;}}&#8221;][vc_column_text css=&#8221;&#8221;]<strong>Meaux (77), Th\u00e9\u00e2tre Luxembourg<\/strong>[\/vc_column_text][vc_column_text css=&#8221;&#8221; text_style=&#8221;small-text&#8221;]24 April at 3pm &#8211; General public<br \/>\n25 April &#8211; 2 school performances[\/vc_column_text][\/vc_column][\/vc_row]<\/p>\n<\/div><\/div><\/div><\/div><div id=\"event-1176\" class=\"vsel-content season-2023-2024-en vsel-past\"><div class=\"vsel-meta vsel-alignleft\" style=\"width:36%;\"><div class=\"vsel-meta-date vsel-meta-combined-date\"><span>18 April 2024<\/span> - <span>19 April 2024<\/span><\/div><\/div><div class=\"vsel-info vsel-alignright\" style=\"width:60%;\"><div class=\"vsel-text\"><div class=\"wpb-content-wrapper\"><p>[vc_row section_type=&#8221;fullwidth&#8221; padding_top_multiplier=&#8221;&#8221; padding_bottom_multiplier=&#8221;&#8221; columns_gap=&#8221;none&#8221; mobile_columns_vertical_gap=&#8221;none&#8221;][vc_column width=&#8221;1\/2&#8243; rc_heading_color=&#8221;primary-3&#8243; rc_link_color=&#8221;primary-3&#8243; grve_css=&#8221;{&#8220;desktop&#8220;:{&#8220;margin-top&#8220;:&#8220;0&#8220;,&#8220;class&#8220;:&#8220;grve-wpb-1714918164880&#8220;}}&#8221;]<h5 class=\"grve-element grve-title grve-align-inherit grve-h5 grve-text-primary-3\" style=\"margin-bottom: 10px;\"><span><a href=\"https:\/\/leportevoix.fr\/en\/show-le-porte-voix\/okanina\/\">Okanina<\/a><\/span><\/h5>[\/vc_column][vc_column width=&#8221;1\/2&#8243; grve_css=&#8221;{&#8220;desktop&#8220;:{&#8220;margin-top&#8220;:&#8220;0&#8220;,&#8220;class&#8220;:&#8220;grve-wpb-1714918301851&#8220;}}&#8221;][vc_column_text css=&#8221;&#8221;]<strong>Saint Julien et Troyes (10), M\u00e9diath\u00e8ques de Troyes Champagne M\u00e9tropole<\/strong>[\/vc_column_text][vc_column_text css=&#8221;&#8221; text_style=&#8221;small-text&#8221;]Thursday 18 April at the Saint Julien media library<br \/>\nFriday 19 April at 9.45am and 10.45am at the M\u00e9diath\u00e8que Jacques Chirac-Centre[\/vc_column_text][\/vc_column][\/vc_row]<\/p>\n<\/div><\/div><\/div><\/div><div id=\"event-1177\" class=\"vsel-content season-2023-2024-en vsel-past\"><div class=\"vsel-meta vsel-alignleft\" style=\"width:36%;\"><div class=\"vsel-meta-date vsel-meta-combined-date\"><span>7 April 2024<\/span> - <span>10 April 2024<\/span><\/div><\/div><div class=\"vsel-info vsel-alignright\" style=\"width:60%;\"><div class=\"vsel-text\"><div class=\"wpb-content-wrapper\"><p>[vc_row section_type=&#8221;fullwidth&#8221; padding_top_multiplier=&#8221;&#8221; padding_bottom_multiplier=&#8221;&#8221; columns_gap=&#8221;none&#8221; mobile_columns_vertical_gap=&#8221;none&#8221;][vc_column width=&#8221;1\/2&#8243; rc_heading_color=&#8221;primary-3&#8243; rc_link_color=&#8221;primary-3&#8243; grve_css=&#8221;{&#8220;desktop&#8220;:{&#8220;margin-top&#8220;:&#8220;0&#8220;,&#8220;class&#8220;:&#8220;grve-wpb-1714918164880&#8220;}}&#8221;]<h5 class=\"grve-element grve-title grve-align-inherit grve-h5 grve-text-primary-3\" style=\"margin-bottom: 10px;\"><span><a href=\"https:\/\/leportevoix.fr\/en\/show-le-porte-voix\/oka\/\">Oka<\/a><\/span><\/h5>[\/vc_column][vc_column width=&#8221;1\/2&#8243; grve_css=&#8221;{&#8220;desktop&#8220;:{&#8220;margin-top&#8220;:&#8220;0&#8220;,&#8220;class&#8220;:&#8220;grve-wpb-1714918301851&#8220;}}&#8221;][vc_column_text css=&#8221;&#8221;]<strong>Chalon sur Sa\u00f4ne (71), Espace des Arts sc\u00e8ne nationale &#8211; Festival Les Utopiks<\/strong>[\/vc_column_text][vc_column_text css=&#8221;&#8221; text_style=&#8221;small-text&#8221;]Sunday 7 April at 09.45 and 11.00 &#8211; All audiences<br \/>\nMonday 8 and Tuesday 9 April at 9.15am and 10.30am &#8211; Schools<br \/>\nWednesday 10 April at 9.15am and 10.30am &#8211; All audiences[\/vc_column_text][\/vc_column][\/vc_row]<\/p>\n<\/div><\/div><\/div><\/div><div id=\"event-1178\" class=\"vsel-content season-2023-2024-en vsel-past\"><div class=\"vsel-meta vsel-alignleft\" style=\"width:36%;\"><div class=\"vsel-meta-date vsel-meta-combined-date\"><span>4 April 2024<\/span> - <span>5 April 2024<\/span><\/div><\/div><div class=\"vsel-info vsel-alignright\" style=\"width:60%;\"><div class=\"vsel-text\"><div class=\"wpb-content-wrapper\"><p>[vc_row section_type=&#8221;fullwidth&#8221; padding_top_multiplier=&#8221;&#8221; padding_bottom_multiplier=&#8221;&#8221; columns_gap=&#8221;none&#8221; mobile_columns_vertical_gap=&#8221;none&#8221;][vc_column width=&#8221;1\/2&#8243; rc_heading_color=&#8221;primary-3&#8243; rc_link_color=&#8221;primary-3&#8243; grve_css=&#8221;{&#8220;desktop&#8220;:{&#8220;margin-top&#8220;:&#8220;0&#8220;,&#8220;class&#8220;:&#8220;grve-wpb-1714918164880&#8220;}}&#8221;]<h5 class=\"grve-element grve-title grve-align-inherit grve-h5 grve-text-primary-3\" style=\"margin-bottom: 10px;\"><span><a href=\"https:\/\/leportevoix.fr\/en\/show-le-porte-voix\/koom\/\">Koom<\/a><\/span><\/h5>[\/vc_column][vc_column width=&#8221;1\/2&#8243; grve_css=&#8221;{&#8220;desktop&#8220;:{&#8220;margin-top&#8220;:&#8220;0&#8220;,&#8220;class&#8220;:&#8220;grve-wpb-1714918301851&#8220;}}&#8221;][vc_column_text css=&#8221;&#8221;]<strong>Bois Colombes (92), Salle Jean Renoir<\/strong>[\/vc_column_text][\/vc_column][\/vc_row]<\/p>\n<\/div><\/div><\/div><\/div><div id=\"event-1179\" class=\"vsel-content season-2023-2024-en vsel-past\"><div class=\"vsel-meta vsel-alignleft\" style=\"width:36%;\"><div class=\"vsel-meta-date vsel-meta-combined-date\"><span>27 March 2024<\/span> - <span>30 March 2024<\/span><\/div><\/div><div class=\"vsel-info vsel-alignright\" style=\"width:60%;\"><div class=\"vsel-text\"><div class=\"wpb-content-wrapper\"><p>[vc_row section_type=&#8221;fullwidth&#8221; padding_top_multiplier=&#8221;&#8221; padding_bottom_multiplier=&#8221;&#8221; columns_gap=&#8221;none&#8221; mobile_columns_vertical_gap=&#8221;none&#8221;][vc_column width=&#8221;1\/2&#8243; rc_heading_color=&#8221;primary-3&#8243; rc_link_color=&#8221;primary-3&#8243; grve_css=&#8221;{&#8220;desktop&#8220;:{&#8220;margin-top&#8220;:&#8220;0&#8220;,&#8220;class&#8220;:&#8220;grve-wpb-1714918164880&#8220;}}&#8221;]<h5 class=\"grve-element grve-title grve-align-inherit grve-h5 grve-text-primary-3\" style=\"margin-bottom: 10px;\"><span><a href=\"https:\/\/leportevoix.fr\/en\/show-le-porte-voix\/okanina\/\">Okanina<\/a><\/span><\/h5>[\/vc_column][vc_column width=&#8221;1\/2&#8243; grve_css=&#8221;{&#8220;desktop&#8220;:{&#8220;margin-top&#8220;:&#8220;0&#8220;,&#8220;class&#8220;:&#8220;grve-wpb-1714918301851&#8220;}}&#8221;][vc_column_text css=&#8221;&#8221;]<strong>Troyes (10), M\u00e9diath\u00e8que d\u00e9partementale de l&#8217;Aube<\/strong>[\/vc_column_text][vc_column_text css=&#8221;&#8221; text_style=&#8221;small-text&#8221;]As part of the Mois des Tous Petits[\/vc_column_text][\/vc_column][\/vc_row]<\/p>\n<\/div><\/div><\/div><\/div><div id=\"event-1180\" class=\"vsel-content season-2023-2024-en vsel-past\"><div class=\"vsel-meta vsel-alignleft\" style=\"width:36%;\"><div class=\"vsel-meta-date vsel-meta-combined-date\"><span>22 March 2024<\/span> - <span>23 March 2024<\/span><\/div><\/div><div class=\"vsel-info vsel-alignright\" style=\"width:60%;\"><div class=\"vsel-text\"><div class=\"wpb-content-wrapper\"><p>[vc_row section_type=&#8221;fullwidth&#8221; padding_top_multiplier=&#8221;&#8221; padding_bottom_multiplier=&#8221;&#8221; columns_gap=&#8221;none&#8221; mobile_columns_vertical_gap=&#8221;none&#8221;][vc_column width=&#8221;1\/2&#8243; rc_heading_color=&#8221;primary-3&#8243; rc_link_color=&#8221;primary-3&#8243; grve_css=&#8221;{&#8220;desktop&#8220;:{&#8220;margin-top&#8220;:&#8220;0&#8220;,&#8220;class&#8220;:&#8220;grve-wpb-1714918164880&#8220;}}&#8221;]<h5 class=\"grve-element grve-title grve-align-inherit grve-h5 grve-text-primary-3\" style=\"margin-bottom: 10px;\"><span><a href=\"https:\/\/leportevoix.fr\/en\/show-le-porte-voix\/oka\/\">Oka<\/a><\/span><\/h5>[\/vc_column][vc_column width=&#8221;1\/2&#8243; grve_css=&#8221;{&#8220;desktop&#8220;:{&#8220;margin-top&#8220;:&#8220;0&#8220;,&#8220;class&#8220;:&#8220;grve-wpb-1714918301851&#8220;}}&#8221;][vc_column_text css=&#8221;&#8221;]<strong>Blainville sur Orne (14), Th\u00e9\u00e2tre du Champs Exquis<\/strong>[\/vc_column_text][\/vc_column][\/vc_row]<\/p>\n<\/div><\/div><\/div><\/div><div id=\"event-1181\" class=\"vsel-content season-2023-2024-en vsel-past\"><div class=\"vsel-meta vsel-alignleft\" style=\"width:36%;\"><div class=\"vsel-meta-date vsel-meta-combined-date\"><span>8 February 2024<\/span> - <span>9 February 2024<\/span><\/div><\/div><div class=\"vsel-info vsel-alignright\" style=\"width:60%;\"><div class=\"vsel-text\"><div class=\"wpb-content-wrapper\"><p>[vc_row section_type=&#8221;fullwidth&#8221; padding_top_multiplier=&#8221;&#8221; padding_bottom_multiplier=&#8221;&#8221; columns_gap=&#8221;none&#8221; mobile_columns_vertical_gap=&#8221;none&#8221;][vc_column width=&#8221;1\/2&#8243; rc_heading_color=&#8221;primary-3&#8243; rc_link_color=&#8221;primary-3&#8243; grve_css=&#8221;{&#8220;desktop&#8220;:{&#8220;margin-top&#8220;:&#8220;0&#8220;,&#8220;class&#8220;:&#8220;grve-wpb-1714918164880&#8220;}}&#8221;]<h5 class=\"grve-element grve-title grve-align-inherit grve-h5 grve-text-primary-3\" style=\"margin-bottom: 10px;\"><span><a href=\"https:\/\/leportevoix.fr\/en\/show-le-porte-voix\/oka\/\">Oka<\/a><\/span><\/h5>[\/vc_column][vc_column width=&#8221;1\/2&#8243; grve_css=&#8221;{&#8220;desktop&#8220;:{&#8220;margin-top&#8220;:&#8220;0&#8220;,&#8220;class&#8220;:&#8220;grve-wpb-1714918301851&#8220;}}&#8221;][vc_column_text css=&#8221;&#8221;]<strong>Dreux (27), touring with Atelier \u00e0 Spectacles<\/strong>[\/vc_column_text][vc_column_text css=&#8221;&#8221; text_style=&#8221;small-text&#8221;]3 performances on 8 February at 9.30am, 10.45am and 2.30pm<br \/>\n3 performances on 9 February[\/vc_column_text][\/vc_column][\/vc_row]<\/p>\n<\/div><\/div><\/div><\/div><div id=\"event-1182\" class=\"vsel-content season-2023-2024-en vsel-past\"><div class=\"vsel-meta vsel-alignleft\" style=\"width:36%;\"><div class=\"vsel-meta-date vsel-meta-single-date\"><span>1 February 2024<\/span><\/div><\/div><div class=\"vsel-info vsel-alignright\" style=\"width:60%;\"><div class=\"vsel-text\"><div class=\"wpb-content-wrapper\"><p>[vc_row section_type=&#8221;fullwidth&#8221; padding_top_multiplier=&#8221;&#8221; padding_bottom_multiplier=&#8221;&#8221; columns_gap=&#8221;none&#8221; mobile_columns_vertical_gap=&#8221;none&#8221;][vc_column width=&#8221;1\/2&#8243; rc_heading_color=&#8221;primary-3&#8243; rc_link_color=&#8221;primary-3&#8243; grve_css=&#8221;{&#8220;desktop&#8220;:{&#8220;margin-top&#8220;:&#8220;0&#8220;,&#8220;class&#8220;:&#8220;grve-wpb-1714918164880&#8220;}}&#8221;]<h5 class=\"grve-element grve-title grve-align-inherit grve-h5 grve-text-primary-3\" style=\"margin-bottom: 10px;\"><span><a href=\"https:\/\/leportevoix.fr\/en\/show-le-porte-voix\/okanina\/\">Okanina<\/a><\/span><\/h5>[\/vc_column][vc_column width=&#8221;1\/2&#8243; grve_css=&#8221;{&#8220;desktop&#8220;:{&#8220;margin-top&#8220;:&#8220;0&#8220;,&#8220;class&#8220;:&#8220;grve-wpb-1714918301851&#8220;}}&#8221;][vc_column_text css=&#8221;&#8221;]<strong>Les Lilas (93), Plateau Puzzle &#8211; Lilas en Sc\u00e8ne<\/strong>[\/vc_column_text][vc_column_text css=&#8221;&#8221; text_style=&#8221;small-text&#8221;]1 performance at 9.45 a.m.[\/vc_column_text][\/vc_column][\/vc_row]<\/p>\n<\/div><\/div><\/div><\/div><div id=\"event-1183\" class=\"vsel-content season-2023-2024-en vsel-past\"><div class=\"vsel-meta vsel-alignleft\" style=\"width:36%;\"><div class=\"vsel-meta-date vsel-meta-combined-date\"><span>29 January 2024<\/span> - <span>6 February 2024<\/span><\/div><\/div><div class=\"vsel-info vsel-alignright\" style=\"width:60%;\"><div class=\"vsel-text\"><div class=\"wpb-content-wrapper\"><p>[vc_row section_type=&#8221;fullwidth&#8221; padding_top_multiplier=&#8221;&#8221; padding_bottom_multiplier=&#8221;&#8221; columns_gap=&#8221;none&#8221; mobile_columns_vertical_gap=&#8221;none&#8221;][vc_column width=&#8221;1\/2&#8243; rc_heading_color=&#8221;primary-3&#8243; rc_link_color=&#8221;primary-3&#8243; grve_css=&#8221;{&#8220;desktop&#8220;:{&#8220;margin-top&#8220;:&#8220;0&#8220;,&#8220;class&#8220;:&#8220;grve-wpb-1714918164880&#8220;}}&#8221;]<h5 class=\"grve-element grve-title grve-align-inherit grve-h5 grve-text-primary-3\" style=\"margin-bottom: 10px;\"><span><a href=\"https:\/\/leportevoix.fr\/en\/show-le-porte-voix\/anima\/\">ANiMA<\/a><\/span><\/h5>[\/vc_column][vc_column width=&#8221;1\/2&#8243; grve_css=&#8221;{&#8220;desktop&#8220;:{&#8220;margin-top&#8220;:&#8220;0&#8220;,&#8220;class&#8220;:&#8220;grve-wpb-1714918301851&#8220;}}&#8221;][vc_column_text css=&#8221;&#8221;]<strong>Morocco, tour of the Instituts Fran\u00e7ais in Tangiers, Casablanca and Marrakech<\/strong>[\/vc_column_text][vc_column_text css=&#8221;&#8221; text_style=&#8221;small-text&#8221;]<strong>Comme des Grands, the Festival des tout-petits<\/strong><br \/>\n<em>French Institute of Tangier<\/em><br \/>\nMonday 29 January &#8211; Training for childcare professionals<br \/>\nTuesday 30 January &#8211; 1 ANiMA performance at 10.30 am<br \/>\nWednesday 31 January &#8211; 1 ANiMA performance at 4pm<br \/>\n<em>French Institute of Casablanca<\/em><br \/>\nThursday 1 February &#8211; Round table &#8220;What about going to the show with young children?&#8221;<br \/>\nFriday 2 February &#8211; 1 ANiMA performance at 10.00 am<br \/>\n<em>French Institute of Marrakech<\/em><br \/>\nTuesday 6 February &#8211; 3 performances at 9.45am, 11.15am and 4pm[\/vc_column_text][\/vc_column][\/vc_row]<\/p>\n<\/div><\/div><\/div><\/div><div id=\"event-1184\" class=\"vsel-content season-2023-2024-en vsel-past\"><div class=\"vsel-meta vsel-alignleft\" style=\"width:36%;\"><div class=\"vsel-meta-date vsel-meta-single-date\"><span>24 January 2024<\/span><\/div><\/div><div class=\"vsel-info vsel-alignright\" style=\"width:60%;\"><div class=\"vsel-text\"><div class=\"wpb-content-wrapper\"><p>[vc_row section_type=&#8221;fullwidth&#8221; padding_top_multiplier=&#8221;&#8221; padding_bottom_multiplier=&#8221;&#8221; columns_gap=&#8221;none&#8221; mobile_columns_vertical_gap=&#8221;none&#8221;][vc_column width=&#8221;1\/2&#8243; rc_heading_color=&#8221;primary-3&#8243; rc_link_color=&#8221;primary-3&#8243; grve_css=&#8221;{&#8220;desktop&#8220;:{&#8220;margin-top&#8220;:&#8220;0&#8220;,&#8220;class&#8220;:&#8220;grve-wpb-1714918164880&#8220;}}&#8221;]<h5 class=\"grve-element grve-title grve-align-inherit grve-h5 grve-text-primary-3\" style=\"margin-bottom: 10px;\"><span><a href=\"https:\/\/leportevoix.fr\/en\/show-le-porte-voix\/oka\/\">Oka<\/a><\/span><\/h5>[\/vc_column][vc_column width=&#8221;1\/2&#8243; grve_css=&#8221;{&#8220;desktop&#8220;:{&#8220;margin-top&#8220;:&#8220;0&#8220;,&#8220;class&#8220;:&#8220;grve-wpb-1714918301851&#8220;}}&#8221;][vc_column_text css=&#8221;&#8221;]<strong>Persan (95), MJC<\/strong>[\/vc_column_text][vc_column_text css=&#8221;&#8221; text_style=&#8221;small-text&#8221;]1 performance at 4.30pm[\/vc_column_text][\/vc_column][\/vc_row]<\/p>\n<\/div><\/div><\/div><\/div><div class=\"vsel-nav\"><a href=\"https:\/\/leportevoix.fr\/en\/wp-json\/wp\/v2\/pages\/1054\/page\/2\/\" class=\"vsel-next\">Next &raquo;<\/a><\/div><\/div>[\/vc_column_text][\/vc_column][\/vc_row]<\/p>\n<\/div>","protected":false},"excerpt":{"rendered":"<p>[vc_row padding_top_multiplier=&#8221;&#8221; columns_gap=&#8221;none&#8221; mobile_columns_vertical_gap=&#8221;none&#8221;][vc_column][vc_column_text css=&#8221;&#8221;][\/vc_column_text][\/vc_column][\/vc_row]<\/p>\n","protected":false},"author":1,"featured_media":0,"parent":0,"menu_order":0,"comment_status":"closed","ping_status":"closed","template":"","meta":{"iawp_total_views":4,"footnotes":""},"class_list":["post-1054","page","type-page","status-publish","hentry","grve-entry-item"],"yoast_head":"<!-- This site is optimized with the Yoast SEO plugin v26.9 - https:\/\/yoast.com\/product\/yoast-seo-wordpress\/ -->\n<title>Past dates - Le Porte-Voix<\/title>\n<meta name=\"description\" content=\"All past dates of the Porte-Voix company, musical theatre for children.\" \/>\n<meta name=\"robots\" content=\"index, follow, max-snippet:-1, max-image-preview:large, max-video-preview:-1\" \/>\n<link rel=\"canonical\" href=\"https:\/\/leportevoix.fr\/en\/past-dates\/\" \/>\n<meta property=\"og:locale\" content=\"en_US\" \/>\n<meta property=\"og:type\" content=\"article\" \/>\n<meta property=\"og:title\" content=\"Past dates - Le Porte-Voix\" \/>\n<meta property=\"og:description\" content=\"All past dates of the Porte-Voix company, musical theatre for children.\" \/>\n<meta property=\"og:url\" content=\"https:\/\/leportevoix.fr\/en\/past-dates\/\" \/>\n<meta property=\"og:site_name\" content=\"Le Porte-Voix\" \/>\n<meta property=\"article:publisher\" content=\"https:\/\/www.facebook.com\/CompagniePorteVoix\/\" \/>\n<meta property=\"article:modified_time\" content=\"2025-06-16T15:42:44+00:00\" \/>\n<meta property=\"og:image\" content=\"https:\/\/leportevoix.fr\/wp-content\/uploads\/2024\/05\/koom-banniere-2.jpg\" \/>\n\t<meta property=\"og:image:width\" content=\"1920\" \/>\n\t<meta property=\"og:image:height\" content=\"1035\" \/>\n\t<meta property=\"og:image:type\" content=\"image\/jpeg\" \/>\n<meta name=\"twitter:card\" content=\"summary_large_image\" \/>\n<script type=\"application\/ld+json\" class=\"yoast-schema-graph\">{\"@context\":\"https:\/\/schema.org\",\"@graph\":[{\"@type\":\"WebPage\",\"@id\":\"https:\/\/leportevoix.fr\/en\/past-dates\/\",\"url\":\"https:\/\/leportevoix.fr\/en\/past-dates\/\",\"name\":\"Past dates - Le Porte-Voix\",\"isPartOf\":{\"@id\":\"https:\/\/leportevoix.fr\/#website\"},\"datePublished\":\"2024-06-06T06:28:41+00:00\",\"dateModified\":\"2025-06-16T15:42:44+00:00\",\"description\":\"All past dates of the Porte-Voix company, musical theatre for children.\",\"breadcrumb\":{\"@id\":\"https:\/\/leportevoix.fr\/en\/past-dates\/#breadcrumb\"},\"inLanguage\":\"en-US\",\"potentialAction\":[{\"@type\":\"ReadAction\",\"target\":[\"https:\/\/leportevoix.fr\/en\/past-dates\/\"]}]},{\"@type\":\"BreadcrumbList\",\"@id\":\"https:\/\/leportevoix.fr\/en\/past-dates\/#breadcrumb\",\"itemListElement\":[{\"@type\":\"ListItem\",\"position\":1,\"name\":\"Accueil\",\"item\":\"https:\/\/leportevoix.fr\/en\/\"},{\"@type\":\"ListItem\",\"position\":2,\"name\":\"Past dates\"}]},{\"@type\":\"WebSite\",\"@id\":\"https:\/\/leportevoix.fr\/#website\",\"url\":\"https:\/\/leportevoix.fr\/\",\"name\":\"Le Porte-Voix\",\"description\":\"Th\u00e9\u00e2tre musical pour l&#039;enfance\",\"publisher\":{\"@id\":\"https:\/\/leportevoix.fr\/#organization\"},\"potentialAction\":[{\"@type\":\"SearchAction\",\"target\":{\"@type\":\"EntryPoint\",\"urlTemplate\":\"https:\/\/leportevoix.fr\/?s={search_term_string}\"},\"query-input\":{\"@type\":\"PropertyValueSpecification\",\"valueRequired\":true,\"valueName\":\"search_term_string\"}}],\"inLanguage\":\"en-US\"},{\"@type\":\"Organization\",\"@id\":\"https:\/\/leportevoix.fr\/#organization\",\"name\":\"Le Porte-Voix\",\"url\":\"https:\/\/leportevoix.fr\/\",\"logo\":{\"@type\":\"ImageObject\",\"inLanguage\":\"en-US\",\"@id\":\"https:\/\/leportevoix.fr\/#\/schema\/logo\/image\/\",\"url\":\"https:\/\/leportevoix.fr\/wp-content\/uploads\/2024\/04\/porte-voix-logo-avec-slogan.png\",\"contentUrl\":\"https:\/\/leportevoix.fr\/wp-content\/uploads\/2024\/04\/porte-voix-logo-avec-slogan.png\",\"width\":600,\"height\":197,\"caption\":\"Le Porte-Voix\"},\"image\":{\"@id\":\"https:\/\/leportevoix.fr\/#\/schema\/logo\/image\/\"},\"sameAs\":[\"https:\/\/www.facebook.com\/CompagniePorteVoix\/\"]}]}<\/script>\n<!-- \/ Yoast SEO plugin. -->","yoast_head_json":{"title":"Past dates - Le Porte-Voix","description":"All past dates of the Porte-Voix company, musical theatre for children.","robots":{"index":"index","follow":"follow","max-snippet":"max-snippet:-1","max-image-preview":"max-image-preview:large","max-video-preview":"max-video-preview:-1"},"canonical":"https:\/\/leportevoix.fr\/en\/past-dates\/","og_locale":"en_US","og_type":"article","og_title":"Past dates - Le Porte-Voix","og_description":"All past dates of the Porte-Voix company, musical theatre for children.","og_url":"https:\/\/leportevoix.fr\/en\/past-dates\/","og_site_name":"Le Porte-Voix","article_publisher":"https:\/\/www.facebook.com\/CompagniePorteVoix\/","article_modified_time":"2025-06-16T15:42:44+00:00","og_image":[{"width":1920,"height":1035,"url":"https:\/\/leportevoix.fr\/wp-content\/uploads\/2024\/05\/koom-banniere-2.jpg","type":"image\/jpeg"}],"twitter_card":"summary_large_image","schema":{"@context":"https:\/\/schema.org","@graph":[{"@type":"WebPage","@id":"https:\/\/leportevoix.fr\/en\/past-dates\/","url":"https:\/\/leportevoix.fr\/en\/past-dates\/","name":"Past dates - Le Porte-Voix","isPartOf":{"@id":"https:\/\/leportevoix.fr\/#website"},"datePublished":"2024-06-06T06:28:41+00:00","dateModified":"2025-06-16T15:42:44+00:00","description":"All past dates of the Porte-Voix company, musical theatre for children.","breadcrumb":{"@id":"https:\/\/leportevoix.fr\/en\/past-dates\/#breadcrumb"},"inLanguage":"en-US","potentialAction":[{"@type":"ReadAction","target":["https:\/\/leportevoix.fr\/en\/past-dates\/"]}]},{"@type":"BreadcrumbList","@id":"https:\/\/leportevoix.fr\/en\/past-dates\/#breadcrumb","itemListElement":[{"@type":"ListItem","position":1,"name":"Accueil","item":"https:\/\/leportevoix.fr\/en\/"},{"@type":"ListItem","position":2,"name":"Past dates"}]},{"@type":"WebSite","@id":"https:\/\/leportevoix.fr\/#website","url":"https:\/\/leportevoix.fr\/","name":"Le Porte-Voix","description":"Th\u00e9\u00e2tre musical pour l&#039;enfance","publisher":{"@id":"https:\/\/leportevoix.fr\/#organization"},"potentialAction":[{"@type":"SearchAction","target":{"@type":"EntryPoint","urlTemplate":"https:\/\/leportevoix.fr\/?s={search_term_string}"},"query-input":{"@type":"PropertyValueSpecification","valueRequired":true,"valueName":"search_term_string"}}],"inLanguage":"en-US"},{"@type":"Organization","@id":"https:\/\/leportevoix.fr\/#organization","name":"Le Porte-Voix","url":"https:\/\/leportevoix.fr\/","logo":{"@type":"ImageObject","inLanguage":"en-US","@id":"https:\/\/leportevoix.fr\/#\/schema\/logo\/image\/","url":"https:\/\/leportevoix.fr\/wp-content\/uploads\/2024\/04\/porte-voix-logo-avec-slogan.png","contentUrl":"https:\/\/leportevoix.fr\/wp-content\/uploads\/2024\/04\/porte-voix-logo-avec-slogan.png","width":600,"height":197,"caption":"Le Porte-Voix"},"image":{"@id":"https:\/\/leportevoix.fr\/#\/schema\/logo\/image\/"},"sameAs":["https:\/\/www.facebook.com\/CompagniePorteVoix\/"]}]}},"_links":{"self":[{"href":"https:\/\/leportevoix.fr\/en\/wp-json\/wp\/v2\/pages\/1054","targetHints":{"allow":["GET"]}}],"collection":[{"href":"https:\/\/leportevoix.fr\/en\/wp-json\/wp\/v2\/pages"}],"about":[{"href":"https:\/\/leportevoix.fr\/en\/wp-json\/wp\/v2\/types\/page"}],"author":[{"embeddable":true,"href":"https:\/\/leportevoix.fr\/en\/wp-json\/wp\/v2\/users\/1"}],"replies":[{"embeddable":true,"href":"https:\/\/leportevoix.fr\/en\/wp-json\/wp\/v2\/comments?post=1054"}],"version-history":[{"count":8,"href":"https:\/\/leportevoix.fr\/en\/wp-json\/wp\/v2\/pages\/1054\/revisions"}],"predecessor-version":[{"id":1496,"href":"https:\/\/leportevoix.fr\/en\/wp-json\/wp\/v2\/pages\/1054\/revisions\/1496"}],"wp:attachment":[{"href":"https:\/\/leportevoix.fr\/en\/wp-json\/wp\/v2\/media?parent=1054"}],"curies":[{"name":"wp","href":"https:\/\/api.w.org\/{rel}","templated":true}]}}