{"id":1048,"date":"2024-05-05T17:09:35","date_gmt":"2024-05-05T15:09:35","guid":{"rendered":"https:\/\/leportevoix.fr\/close-to-the-audience-federating-communities\/"},"modified":"2024-06-13T08:59:20","modified_gmt":"2024-06-13T06:59:20","slug":"autour-des-publics","status":"publish","type":"page","link":"https:\/\/leportevoix.fr\/en\/autour-des-publics\/","title":{"rendered":"Close to the audience, federating communities"},"content":{"rendered":"<div class=\"wpb-content-wrapper\"><p>[vc_section el_id=&#8221;start&#8221;][vc_row][vc_column width=&#8221;1\/6&#8243;][\/vc_column][vc_column width=&#8221;2\/3&#8243;][vc_column_text css=&#8221;&#8221;]<span style=\"color: #0095a5;\"><strong>The projects we develop with our audiences take many forms, in time and space&#8230; They play a fundamental role in the life of the company and help us to keep in touch with childhood, weaving essential links over time between the audience, the regions and the company.<\/strong><\/span>[\/vc_column_text][\/vc_column][vc_column width=&#8221;1\/6&#8243;][\/vc_column][\/vc_row][vc_row padding_bottom_multiplier=&#8221;2x&#8221;][vc_column width=&#8221;1\/6&#8243;][\/vc_column][vc_column width=&#8221;2\/3&#8243;]<div class=\"grve-element grve-image grve-align-right\">\r\n\t<div class=\"grve-image-item\">\r\n\t\t\r\n\r\n<div class=\"grve-image-wrapper grve-no-effect\">\r\n\t\t<div class=\"grve-thumbnail-wrapper\"  style=\"width: 79px;\"><div class=\"grve-thumbnail\"  style=\"padding-top: 63.291%;\"><img loading=\"lazy\" decoding=\"async\" width=\"79\" height=\"50\" src=\"https:\/\/leportevoix.fr\/wp-content\/uploads\/2024\/04\/guillemets-1x.png\" class=\"attachment-full size-full\" alt=\"\" srcset=\"https:\/\/leportevoix.fr\/wp-content\/uploads\/2024\/04\/guillemets-1x.png 1x,https:\/\/leportevoix.fr\/wp-content\/uploads\/2024\/04\/guillemets-2x.png 2x\" data-column-space=\"auto\" data-lazyload=\"\" data-grve-filter=\"yes\" \/><\/div><\/div>\t<\/div>\r\n\t<\/div>\r\n<\/div>\r\n<div class=\"grve-empty-space grve-height-1x\"><\/div><h5 class=\"grve-element grve-title grve-align-center grve-h5 grve-custom-font-1\"><span>&#8220;Change the angle and create the desire to work together.&#8221;<\/span><\/h5>[\/vc_column][vc_column width=&#8221;1\/6&#8243;][\/vc_column][\/vc_row][vc_row padding_bottom_multiplier=&#8221;custom&#8221; tablet_sm_columns_vertical_gap=&#8221;30&#8243; padding_bottom=&#8221;75&#8243;][vc_column width=&#8221;1\/2&#8243; vertical_content_position=&#8221;middle&#8221; tablet_sm_width=&#8221;1&#8243;]<div class=\"grve-element grve-image grve-align-center\">\r\n\t<div class=\"grve-image-item\">\r\n\t\t\r\n\r\n<div class=\"grve-image-wrapper grve-no-effect\">\r\n\t\t<div class=\"grve-thumbnail-wrapper\"  style=\"width: 1024px;\"><div class=\"grve-thumbnail\"  style=\"padding-top: 66.602%;\"><img loading=\"lazy\" decoding=\"async\" width=\"1024\" height=\"682\" src=\"https:\/\/leportevoix.fr\/wp-content\/uploads\/2024\/05\/atelier-porte-voix-intro.jpg\" class=\"attachment-full size-full\" alt=\"atelier-porte-voix-intro\" data-column-space=\"auto\" data-lazyload=\"\" data-grve-filter=\"yes\" srcset=\"https:\/\/leportevoix.fr\/wp-content\/uploads\/2024\/05\/atelier-porte-voix-intro.jpg 1024w, https:\/\/leportevoix.fr\/wp-content\/uploads\/2024\/05\/atelier-porte-voix-intro-300x200.jpg 300w, https:\/\/leportevoix.fr\/wp-content\/uploads\/2024\/05\/atelier-porte-voix-intro-768x512.jpg 768w\" sizes=\"auto, (max-width: 1024px) 100vw, 1024px\" \/><\/div><\/div>\t<\/div>\r\n\t<\/div>\r\n<\/div>\r\n[\/vc_column][vc_column width=&#8221;1\/2&#8243; vertical_content_position=&#8221;middle&#8221; tablet_sm_width=&#8221;1&#8243;][vc_column_text css=&#8221;&#8221;]For each of its creations, the company sets up writing residencies in day nurseries or nursery and primary schools, enabling creative workshops, adult training and meetings with families.<\/p>\n<p>The company&#8217;s artists are involved in training early childhood professionals, teachers and artists in movement, voice, music and artistic creation&#8230;<\/p>\n<p>Cultural residency projects including both performances and workshops linked to the shows are carried out each season, enabling the company&#8217;s work to be more deeply rooted with different audiences: children, early childhood and leisure centre staff, teachers, parents, artists, etc.[\/vc_column_text][\/vc_column][\/vc_row][\/vc_section][vc_section el_id=&#8221;ateliers&#8221;][vc_row rc_heading_color=&#8221;white&#8221; rc_bg_type=&#8221;image&#8221; rc_bg_image=&#8221;568&#8243; rc_bg_image_type=&#8221;fixed&#8221; rc_bg_color_overlay=&#8221;black&#8221; rc_bg_opacity_overlay=&#8221;30&#8243;][vc_column vertical_content_position=&#8221;middle&#8221; grve_css=&#8221;{&#8220;desktop&#8220;:{&#8220;padding-top&#8220;:&#8220;90&#8220;,&#8220;padding-bottom&#8220;:&#8220;90&#8220;,&#8220;class&#8220;:&#8220;grve-wpb-1714298420590&#8220;}}&#8221;]<h3 class=\"grve-element grve-title grve-align-center grve-page-title\"><span>Our workshops<\/span><\/h3>[\/vc_column][\/vc_row][vc_row padding_top_multiplier=&#8221;custom&#8221; padding_bottom_multiplier=&#8221;custom&#8221; tablet_sm_columns_vertical_gap=&#8221;30&#8243; padding_top=&#8221;75&#8243; padding_bottom=&#8221;75&#8243;][vc_column width=&#8221;7\/12&#8243; vertical_content_position=&#8221;middle&#8221; tablet_sm_width=&#8221;1&#8243;][vc_column_text css=&#8221;&#8221;]<span style=\"color: #ce4b21;\"><strong>Music, movement, voice, improvisation&#8230;<\/strong><\/span><\/p>\n<p>New ideas are developed for each project, feeding into the writing of a new creation, preparing or extending the discovery of the show, and accompanying encounters with the artists.<\/p>\n<p>These workshops are aimed at a wide range of audiences, including young children, families, schools, colleges and specific groups (Ephad, people with disabilities, etc.).[\/vc_column_text][\/vc_column][vc_column width=&#8221;5\/12&#8243; vertical_content_position=&#8221;middle&#8221; tablet_sm_width=&#8221;1&#8243;]<div class=\"grve-element grve-image grve-align-center\">\r\n\t<div class=\"grve-image-item\">\r\n\t\t\r\n\r\n<div class=\"grve-image-wrapper grve-no-effect\">\r\n\t\t<div class=\"grve-thumbnail-wrapper\"  style=\"width: 1000px;\"><div class=\"grve-thumbnail\"  style=\"padding-top: 66.7%;\"><img loading=\"lazy\" decoding=\"async\" width=\"1000\" height=\"667\" src=\"https:\/\/leportevoix.fr\/wp-content\/uploads\/2024\/05\/AMiNiMA-Reunion_PtiChouchoux-cSandrine-Turpin.jpg\" class=\"attachment-full size-full\" alt=\"AMiNiMA-Reunion_PtiChouchoux-cSandrine-Turpin\" data-column-space=\"auto\" data-lazyload=\"\" data-grve-filter=\"yes\" srcset=\"https:\/\/leportevoix.fr\/wp-content\/uploads\/2024\/05\/AMiNiMA-Reunion_PtiChouchoux-cSandrine-Turpin.jpg 1000w, https:\/\/leportevoix.fr\/wp-content\/uploads\/2024\/05\/AMiNiMA-Reunion_PtiChouchoux-cSandrine-Turpin-300x200.jpg 300w, https:\/\/leportevoix.fr\/wp-content\/uploads\/2024\/05\/AMiNiMA-Reunion_PtiChouchoux-cSandrine-Turpin-768x512.jpg 768w\" sizes=\"auto, (max-width: 1000px) 100vw, 1000px\" \/><\/div><\/div>\t<\/div>\r\n\t<\/div>\r\n<\/div>\r\n[\/vc_column][\/vc_row][\/vc_section][vc_section el_id=&#8221;formation&#8221;][vc_row rc_heading_color=&#8221;white&#8221; rc_bg_type=&#8221;image&#8221; rc_bg_image=&#8221;575&#8243; rc_bg_image_type=&#8221;fixed&#8221; rc_bg_color_overlay=&#8221;black&#8221; rc_bg_opacity_overlay=&#8221;30&#8243;][vc_column vertical_content_position=&#8221;middle&#8221; grve_css=&#8221;{&#8220;desktop&#8220;:{&#8220;padding-top&#8220;:&#8220;90&#8220;,&#8220;padding-bottom&#8220;:&#8220;90&#8220;,&#8220;class&#8220;:&#8220;grve-wpb-1714298420590&#8220;}}&#8221;]<h3 class=\"grve-element grve-title grve-align-center grve-page-title\"><span>Adult training<\/span><\/h3>[\/vc_column][\/vc_row][vc_row padding_top_multiplier=&#8221;custom&#8221; padding_bottom_multiplier=&#8221;custom&#8221; mobile_columns_vertical_gap=&#8221;none&#8221; padding_top=&#8221;75&#8243; padding_bottom=&#8221;75&#8243;][vc_column width=&#8221;7\/12&#8243; vertical_content_position=&#8221;middle&#8221; tablet_sm_width=&#8221;1&#8243;][vc_column_text css=&#8221;&#8221;]<span style=\"color: #ce4b21;\"><strong>The company&#8217;s artists also work with a range of adult audiences:<\/strong><\/span><\/p>\n<ul>\n<li>Training for early childhood professionals, teachers, media librarians, etc. in movement, voice, music, artistic creation and the place of art.<\/li>\n<li>University training for future dumists at the Paris-Saclay CFMI [Centre de Formation des Musiciens Intervenants]. Every year since 2006, the company has been involved in stage work and the creation of short musical theatre pieces for young children.<\/li>\n<li>Artist training in creation for young children. Course created for artists from Reunion Island during the R\u00eaves de Pierre tour in 2012 and in 2018 as part of ANiMA&#8217;s creative residency.<\/li>\n<\/ul>\n<p>[\/vc_column_text][\/vc_column][vc_column width=&#8221;5\/12&#8243; vertical_content_position=&#8221;middle&#8221; tablet_sm_width=&#8221;1&#8243;]<div class=\"grve-element grve-image grve-align-center\">\r\n\t<div class=\"grve-image-item\">\r\n\t\t\r\n\r\n<div class=\"grve-image-wrapper grve-no-effect\">\r\n\t\t<div class=\"grve-thumbnail-wrapper\"  style=\"width: 1024px;\"><div class=\"grve-thumbnail\"  style=\"padding-top: 66.504%;\"><img loading=\"lazy\" decoding=\"async\" width=\"1024\" height=\"681\" src=\"https:\/\/leportevoix.fr\/wp-content\/uploads\/2024\/05\/FormationPetiteEnfance_Porte-Voix.jpg\" class=\"attachment-full size-full\" alt=\"FormationPetiteEnfance_Porte-Voix\" data-column-space=\"auto\" data-lazyload=\"\" data-grve-filter=\"yes\" srcset=\"https:\/\/leportevoix.fr\/wp-content\/uploads\/2024\/05\/FormationPetiteEnfance_Porte-Voix.jpg 1024w, https:\/\/leportevoix.fr\/wp-content\/uploads\/2024\/05\/FormationPetiteEnfance_Porte-Voix-300x200.jpg 300w, https:\/\/leportevoix.fr\/wp-content\/uploads\/2024\/05\/FormationPetiteEnfance_Porte-Voix-768x511.jpg 768w\" sizes=\"auto, (max-width: 1024px) 100vw, 1024px\" \/><\/div><\/div>\t<\/div>\r\n\t<\/div>\r\n<\/div>\r\n[\/vc_column][\/vc_row][\/vc_section][vc_section el_id=&#8221;actions&#8221;][vc_row rc_heading_color=&#8221;white&#8221; rc_bg_type=&#8221;image&#8221; rc_bg_image=&#8221;581&#8243; rc_bg_image_type=&#8221;fixed&#8221; rc_bg_color_overlay=&#8221;black&#8221; rc_bg_opacity_overlay=&#8221;30&#8243;][vc_column vertical_content_position=&#8221;middle&#8221; grve_css=&#8221;{&#8220;desktop&#8220;:{&#8220;padding-top&#8220;:&#8220;90&#8220;,&#8220;padding-bottom&#8220;:&#8220;90&#8220;,&#8220;class&#8220;:&#8220;grve-wpb-1714298420590&#8220;}}&#8221;]<h3 class=\"grve-element grve-title grve-align-center grve-page-title\"><span>Local initiatives<\/span><\/h3>[\/vc_column][\/vc_row][vc_row padding_top_multiplier=&#8221;2x&#8221; padding_bottom_multiplier=&#8221;2x&#8221; columns_gap=&#8221;60&#8243; tablet_sm_columns_vertical_gap=&#8221;30&#8243;][vc_column width=&#8221;2\/3&#8243; tablet_sm_width=&#8221;1&#8243;][vc_row_inner][vc_column_inner rc_heading_color=&#8221;white&#8221; rc_bg_type=&#8221;color&#8221; rc_font_color=&#8221;#ffffff&#8221; rc_bg_color=&#8221;#0095a5&#8243; grve_css=&#8221;{&#8220;desktop&#8220;:{&#8220;padding-top&#8220;:&#8220;20&#8220;,&#8220;padding-right&#8220;:&#8220;20&#8220;,&#8220;padding-bottom&#8220;:&#8220;20&#8220;,&#8220;padding-left&#8220;:&#8220;20&#8220;,&#8220;class&#8220;:&#8220;grve-wpb-1714925511720&#8220;}}&#8221;][vc_column_text css=&#8221;&#8221;]Our tours mean we&#8217;re always on the move, like migratory birds. It&#8217;s essential for us to settle down, to put down roots, to anchor ourselves in a sustainable way in the territories where we can recharge our batteries and find meaning in our actions.<\/p>\n<p>Shifting our gaze and putting the work back on the loom so that we can invent something new together. Meeting each other, nurturing each other, bringing in difference, strangeness, subtlety and nuance&#8230; Encouraging teams to question themselves, rethink practices and habits. Reaching out to new audiences, new territories, in the city or the countryside, in a cr\u00e8che or on an island&#8230;[\/vc_column_text][\/vc_column_inner][\/vc_row_inner]<div class=\"grve-empty-space grve-height-2x\"><\/div><h3 class=\"grve-element grve-title grve-align-inherit grve-subtitle-text grve-text-primary-3\" style=\"margin-bottom: 32px;\"><span>Sous la peau, la terre &#8211; Th\u00e9\u00e2tre Dunois \/ Parc Floral de Paris<\/span><\/h3>[vc_column_text css=&#8221;&#8221;]Three companies (Lunatic, AMK, Porte-Voix) are running workshops on sound, the body and the visual arts with early childhood centres in Paris and Fontenay sous Bois. The artists weave paths between these places and the natural spaces of the Parc Floral: workshops, performances, awareness-raising for adults, and a highlight around the Garden Festival (June 21).<\/p>\n<blockquote><p>&#8220;What if we were to observe the ground as a sensitive and reactive skin, containing the Earth within it?<br \/>\nWhat if our planet was just as sensory an organ as our backs, stomachs or the soles of our feet?<br \/>\nWhat if we took the time to live in the world, seeing it as an immense body that we all need to look after together?<\/p><\/blockquote>\n<p><strong>&#8220;Peau de terre&#8221; workshop-performance at the Parc Floral<\/strong> Combining visual arts, movement and music. Inspired by the cave paintings in the Chauvet cave, this workshop combines art, landscape music and primitive dance&#8230;<\/p>\n<p><strong>&#8220;Imaginary landscapes&#8221; nursery workshop<\/strong>. Creating atmospheres that combine sound and movement, using breath, voice and instrumental gesture&#8230; From sunrise to the sun at its zenith, from dusk to night-time ambiences, a special day where the imagination carries us along with the wind.<\/p>\n<p><em>With the support of DRAC-Ile-France (Premiers regards, premiers pas programme) and the City of Paris \/ As part of the Th\u00e9\u00e2tre du Jardin plan\u00e9taire project, bringing together 5 companies associated with the Th\u00e9\u00e2tre Dunois around the Th\u00e9\u00e2tre du Parc Floral, under the patronage of gardener-philosopher Gilles Cl\u00e9ment.<\/em>[\/vc_column_text]<div class=\"grve-empty-space grve-height-2x\"><\/div><h3 class=\"grve-element grve-title grve-align-inherit grve-subtitle-text grve-text-primary-3\" style=\"margin-bottom: 32px;\"><span>Writing residency at the Th\u00e9\u00e2tre du Champs Exquis<\/span><\/h3>[vc_column_text css=&#8221;&#8221;]This nationally-funded &#8216;Art, childhood, youth&#8217; stage in Normandy is supporting the creation of the ANiMA project and its solo form ODEL\u00c0 by offering the company the opportunity to go back and forth between experimentation in early childhood settings and experimentation on stage. This two-year partnership will involve an initial residency period based around ANiMA, hosting the show as part of the Ribambelles Festival, followed by two residency periods in autumn 2020 based around the solo form with on-site performances, including a course for professionals.[\/vc_column_text]<div class=\"grve-empty-space grve-height-2x\"><\/div><h3 class=\"grve-element grve-title grve-align-inherit grve-subtitle-text grve-text-primary-3\" style=\"margin-bottom: 32px;\"><span>Hisse et Ho! course &#8211; Department of Seine Saint-Denis<\/span><\/h3>[vc_column_text css=&#8221;&#8221;]Florence Goguel is running a writing residency on her solo ODEL\u00c0 at the Leclerc cr\u00e8che in Drancy. Creative workshops conducted alone or as a duo feed into the writing of this play, which is destined to be performed in early childhood settings. The framework provided by this comprehensive scheme, set up jointly by the department&#8217;s culture and nursery services, allows for a two-way flow between workshops, performances and training sessions for professionals on the body, voice and artistic presence in nurseries.[\/vc_column_text]<div class=\"grve-empty-space grve-height-2x\"><\/div><h3 class=\"grve-element grve-title grve-align-inherit grve-subtitle-text grve-text-primary-3\" style=\"margin-bottom: 32px;\"><span>CLEAJE of Haut Val d&#8217;Oise<\/span><\/h3>[vc_column_text css=&#8221;&#8221;]In 2019, Le Porte-Voix has joined forces with the ACTA, Les Demains qui chantent and Lunatic companies to run an artistic and cultural awareness project in the Haut Val d&#8217;Oise as part of the first CLEAJE (Contrat Local d&#8217;Eveil Artistique du Jeune Enfant) in the village of Mours. It offers artistic pathways before children start school and then at the beginning of their nursery years, in order to better support them at this pivotal age, when they enter a new framework of norms and sensibilities. Awakening them to art and culture, and stimulating their creativity and imagination, is therefore an essential medium. The theme of the link with nature and the meeting of music and dance serve as common materials for the entire project.<\/p>\n<p>This CLEAJE was initiated by the DRAC \u00cele-de-France in partnership with the Communaut\u00e9 de Communes du Haut Val d&#8217;Oise and the D\u00e9partement du Val d&#8217;Oise, in collaboration with the Education Nationale and supported by the CAF du Val d&#8217;Oise.[\/vc_column_text]<div class=\"grve-empty-space grve-height-2x\"><\/div><h3 class=\"grve-element grve-title grve-align-inherit grve-subtitle-text grve-text-primary-3\" style=\"margin-bottom: 32px;\"><span>Early childhood residency in Sevran<\/span><\/h3>[vc_column_text css=&#8221;&#8221;]The city of Sevran (93) invited the company to take part in a year-long artistic programme, with the aim of raising awareness of the Porte-Voix&#8217;s artistic approach. Performances, workshops in cr\u00e8ches, RAMs and Classe Passerelle, training for professionals, parent-child workshops&#8230; this comprehensive residency will culminate in the programming of the ANiMA show at the Festival des R\u00eaveurs \u00e9veill\u00e9s in January 2021.[\/vc_column_text]<div class=\"grve-empty-space grve-height-2x\"><\/div><h3 class=\"grve-element grve-title grve-align-inherit grve-subtitle-text grve-text-primary-3\" style=\"margin-bottom: 32px;\"><span>Creative residency on Reunion Island<\/span><\/h3>[vc_column_text css=&#8221;&#8221;]The creation of ANiMA and its in situ duo form AMiNiMA were the subject of a creative residency in the island&#8217;s landscapes and nurseries, combining creative workshops, training for early childhood professionals and R\u00e9unionese artists, writing during a walk in the Mafat circus, and performances for families. This residency, organised with the F\u00e9e Mazine association, culminated in ANiMA\/AMiNiMA\/ODEL\u00c0 touring the Festival Z&#8217;\u00e9tincelles and touring the Island in September 2022, once again providing an opportunity for professional encounters and workshops.<\/p>\n<p>This project has benefited from the G\u00e9n\u00e9ration Belle Saison scheme run by the French Ministry of Culture and assistance from the CAF.[\/vc_column_text]<div class=\"grve-empty-space grve-height-2x\"><\/div><h3 class=\"grve-element grve-title grve-align-inherit grve-subtitle-text grve-text-primary-3\" style=\"margin-bottom: 32px;\"><span>Th\u00e9\u00e2tre du Beauvaisis &#8211; Sc\u00e8ne Nationale and its surrounding area<\/span><\/h3>[vc_column_text css=&#8221;&#8221;]After several years with the Th\u00e9\u00e2tre du Beauvaisis, Florence Goguel is pursuing a partnership that links creation, distribution and cultural action with the various audiences in Beauvais and the Beauvaisis region, with a particular focus on early childhood. The KOOM and OKA projects are continuing to raise awareness among local children.<\/p>\n<p>In June 2023, we created &#8220;Plus haut que la t\u00eate&#8221; in partnership with l&#8217;Arche with a group of adults with physical and mental disabilities. This show is the culmination of work carried out over the 2021\/2022 and 2022\/2023 seasons.[\/vc_column_text]<div class=\"grve-empty-space grve-height-2x\"><\/div><h3 class=\"grve-element grve-title grve-align-inherit grve-subtitle-text grve-text-primary-3\" style=\"margin-bottom: 32px;\"><span>OKANINA residency at the Th\u00e9\u00e2tre du Champ Exquis<\/span><\/h3>[vc_column_text css=&#8221;&#8221;]The Porte Voix company was invited by the Th\u00e9\u00e2tre du Champ Exquis, an arts, children and youth centre, to carry out a creative residency at the Campus 1 cr\u00e8che at Caen University. This immersion work will feed into the creation of OKANINA, a show that invites us to reflect on our relationship with the living world, and which is part of a triptych of creation with KOOM and OKA.<\/p>\n<p>The highlight of the project took place in July 2023, when we initiated music and visual arts workshops as part of our ongoing research into the creation of textile scenographic objects in felt for the Okanina show. It will be run in tandem with Florence Goguel and Marl\u00e8ne Rocher.<\/p>\n<p>This residency will continue in autumn 2023 with the support of DRAC Normandie for the creation of two new versions of OKANINA.[\/vc_column_text]<div class=\"grve-empty-space grve-height-2x\"><\/div><h3 class=\"grve-element grve-title grve-align-inherit grve-subtitle-text grve-text-primary-3\" style=\"margin-bottom: 32px;\"><span>Artistic journey around OKA and OKANINA with the Th\u00e9\u00e2tre Dunois<\/span><\/h3>[vc_column_text css=&#8221;&#8221;]Since 2019, the Porte-Voix company has been working alongside 4 other companies for young audiences at the Th\u00e9\u00e2tre Dunois on the Sc\u00e8ne pour un Jardin Plan\u00e9taire project at the Th\u00e9\u00e2tre du Parc (Parc Floral de Paris), under the patronage of gardener-philosopher Gilles Cl\u00e9ment. This location in the heart of the Bois de Vincennes was an ideal place to draw inspiration and anchor the creation of the KOOM-OKA-OKANINA triptych.<\/p>\n<p>As part of the run of OKA at the Th\u00e9\u00e2tre du Parc in April 2023 and the creation of Okanina, the company has set up an artistic project with the Baobab cr\u00e8che in Paris 18, in partnership with the Th\u00e9\u00e2tre Dunois and with the support of the City of Paris (l&#8217;art pour grandir programme). The project ended in June 2023 with two performances of Okanina at the cr\u00e8che.[\/vc_column_text]<div class=\"grve-empty-space grve-height-2x\"><\/div><h3 class=\"grve-element grve-title grve-align-inherit grve-subtitle-text grve-text-primary-3\" style=\"margin-bottom: 5px;\"><span>OKANINA creation residency<\/span><\/h3>[vc_column_text css=&#8221;.vc_custom_1714927486080{padding-bottom: 32px !important;}&#8221;]<strong>In partnership with the M\u00e9diath\u00e8que Jacques Chirac in Troyes and the M\u00e9diath\u00e8que d\u00e9partementale de l&#8217;Aube<\/strong>[\/vc_column_text][vc_column_text css=&#8221;&#8221;]As part of the Month of the Very Young in 2023, the M\u00e9diath\u00e8que Jacques Chirac in Troyes and the M\u00e9diath\u00e8que D\u00e9partementale de l&#8217;Aube have invited the Porte-Voix company to take up a residency to create Okanina in collaboration with the region&#8217;s early childhood establishments and media libraries. The project included training sessions for professionals, on-site creative workshops and a parent-child workshop. It will continue in March-April 24 with Okanina&#8217;s programme in the region&#8217;s media libraries. This project has received support from the Drac Grand Est.[\/vc_column_text]<div class=\"grve-empty-space grve-height-2x\"><\/div><h3 class=\"grve-element grve-title grve-align-inherit grve-subtitle-text grve-text-primary-3\" style=\"margin-bottom: 32px;\"><span>OKANINA&#8217;s creative residency in Saint-Germain en Laye<\/span><\/h3>[vc_column_text css=&#8221;&#8221;]In partnership with the town of Saint-Germain en Laye, the Compagnie du Porte-Voix is moving into a new territory in spring 2023 to continue creating Okanina. The artists went out to meet the public in a number of places: in the Bel-Air cr\u00e8che for an in situ residency, then at the Micro-Folie for a week of work alternating between test sessions for the public in the morning, and rehearsal and writing time in the afternoon. The residency culminated in Okanina touring the city&#8217;s early childhood establishments in June 2023. With the support of the DRAC d&#8217;Ile-de-France as part of the &#8220;Premiers regards, Premiers pas&#8221; scheme.[\/vc_column_text]<div class=\"grve-empty-space grve-height-2x\"><\/div><h3 class=\"grve-element grve-title grve-align-inherit grve-subtitle-text grve-text-primary-3\" style=\"margin-bottom: 5px;\"><span>Territorial residency for the creation of OKA and OKANINA<\/span><\/h3>[vc_column_text css=&#8221;.vc_custom_1714927533467{padding-bottom: 32px !important;}&#8221;]<strong>In partnership with the towns of Serris, Bailly-Romainvilliers and Magny-le-Hongre<\/strong>[\/vc_column_text][vc_column_text css=&#8221;&#8221;]During the 2022\/2023 season, the Porte-Voix company led an artistic and cultural residency in three neighbouring towns in Seine-et-Marne, Serris, Bailly-Romainvilliers and Magny-le-Hongre, as part of the creation of OKA and then OKANINA. The company went out to meet professionals and children from the region&#8217;s cr\u00e8ches and RAMs. The first performances of OKA in Magny-le-Hongre in December 2022 and OKANINA in Serris in June 2023 were highlights of the project, which also included training and residency periods in the cr\u00e8ches of the three towns. The residency will continue with the town of Bailly-Romainvilliers in autumn 2023 around OKA&#8217;s programme at Ferme Corsange.<\/p>\n<p>The creation of OKA and the early childhood residencies in the region that nurtured it were supported by the D\u00e9partement de Seine-et-Marne.[\/vc_column_text][\/vc_column][vc_column width=&#8221;1\/3&#8243; column_sticky=&#8221;yes&#8221; tablet_sm_width=&#8221;1&#8243; column_sticky_offset=&#8221;160&#8243;]<div data-display-style=\"none\" data-spinner=\"no\" data-columns-large-screen=\"1\" data-columns=\"1\" data-columns-tablet-landscape=\"1\" data-columns-tablet-portrait=\"1\" data-columns-mobile=\"1\" data-layout=\"fitRows\" data-gutter-size=\"10\" data-animation=\"none\" data-items-height=\"equal\" class=\"grve-element grve-gallery grve-isotope grve-with-gap\" style=\"margin-bottom: 30px;\">\r\n\t<div class=\"grve-isotope-container\">\r\n\t\t<div class=\"grve-grid-sizer\"><\/div>\r\n\t\t<div class=\"grve-entry-item grve-popup-item \">\r\n\t\t\t<div class=\"grve-isotope-item-inner\">\r\n\t\t\t\t<div class=\"grve-hover-item grve-hover-style-1\">\r\n\t<div class=\"grve-image-hover grve-media grve-none\">\r\n\t\t\t\t<div class=\"grve-thumbnail-wrapper\"><div class=\"grve-thumbnail\"  style=\"padding-top: 66.667%;\"><img loading=\"lazy\" decoding=\"async\" width=\"768\" height=\"512\" src=\"https:\/\/leportevoix.fr\/wp-content\/uploads\/2024\/05\/Piccoli-Porte-Voix-768x512.jpg\" class=\"attachment-medium_large size-medium_large\" alt=\"actions territoire\" data-column-space=\"100\" data-lazyload=\"\" data-grve-filter=\"yes\" srcset=\"https:\/\/leportevoix.fr\/wp-content\/uploads\/2024\/05\/Piccoli-Porte-Voix-768x512.jpg 768w, https:\/\/leportevoix.fr\/wp-content\/uploads\/2024\/05\/Piccoli-Porte-Voix-300x200.jpg 300w, https:\/\/leportevoix.fr\/wp-content\/uploads\/2024\/05\/Piccoli-Porte-Voix-1024x683.jpg 1024w, https:\/\/leportevoix.fr\/wp-content\/uploads\/2024\/05\/Piccoli-Porte-Voix.jpg 1280w\" sizes=\"auto, (max-width: 768px) 100vw, 768px\" \/><\/div><\/div>\t\t\t\t<div class=\"grve-bg-white grve-hover-overlay grve-opacity-0\"><\/div>\r\n\t\t\t<\/div>\r\n\t<\/div>\r\n\t\t\t<\/div>\r\n\t\t<\/div>\r\n\t\t<div class=\"grve-entry-item grve-popup-item \">\r\n\t\t\t<div class=\"grve-isotope-item-inner\">\r\n\t\t\t\t<div class=\"grve-hover-item grve-hover-style-1\">\r\n\t<div class=\"grve-image-hover grve-media grve-none\">\r\n\t\t\t\t<div class=\"grve-thumbnail-wrapper\"><div class=\"grve-thumbnail\"  style=\"padding-top: 56.25%;\"><img loading=\"lazy\" decoding=\"async\" width=\"768\" height=\"432\" src=\"https:\/\/leportevoix.fr\/wp-content\/uploads\/2024\/05\/Beauvais-Ateliers2-Porte-Voix-768x432.jpg\" class=\"attachment-medium_large size-medium_large\" alt=\"actions territoire\" data-column-space=\"100\" data-lazyload=\"\" data-grve-filter=\"yes\" srcset=\"https:\/\/leportevoix.fr\/wp-content\/uploads\/2024\/05\/Beauvais-Ateliers2-Porte-Voix-768x432.jpg 768w, https:\/\/leportevoix.fr\/wp-content\/uploads\/2024\/05\/Beauvais-Ateliers2-Porte-Voix-300x169.jpg 300w, https:\/\/leportevoix.fr\/wp-content\/uploads\/2024\/05\/Beauvais-Ateliers2-Porte-Voix-1024x576.jpg 1024w, https:\/\/leportevoix.fr\/wp-content\/uploads\/2024\/05\/Beauvais-Ateliers2-Porte-Voix.jpg 1280w\" sizes=\"auto, (max-width: 768px) 100vw, 768px\" \/><\/div><\/div>\t\t\t\t<div class=\"grve-bg-white grve-hover-overlay grve-opacity-0\"><\/div>\r\n\t\t\t<\/div>\r\n\t<\/div>\r\n\t\t\t<\/div>\r\n\t\t<\/div>\r\n\t\t<div class=\"grve-entry-item grve-popup-item \">\r\n\t\t\t<div class=\"grve-isotope-item-inner\">\r\n\t\t\t\t<div class=\"grve-hover-item grve-hover-style-1\">\r\n\t<div class=\"grve-image-hover grve-media grve-none\">\r\n\t\t\t\t<div class=\"grve-thumbnail-wrapper\"><div class=\"grve-thumbnail\"  style=\"padding-top: 66.667%;\"><img loading=\"lazy\" decoding=\"async\" width=\"768\" height=\"512\" src=\"https:\/\/leportevoix.fr\/wp-content\/uploads\/2024\/05\/AMINIMA-Reunion_PtiChouchoux2-Porte-Voix-768x512.jpg\" class=\"attachment-medium_large size-medium_large\" alt=\"actions territoire\" data-column-space=\"100\" data-lazyload=\"\" data-grve-filter=\"yes\" srcset=\"https:\/\/leportevoix.fr\/wp-content\/uploads\/2024\/05\/AMINIMA-Reunion_PtiChouchoux2-Porte-Voix-768x512.jpg 768w, https:\/\/leportevoix.fr\/wp-content\/uploads\/2024\/05\/AMINIMA-Reunion_PtiChouchoux2-Porte-Voix-300x200.jpg 300w, https:\/\/leportevoix.fr\/wp-content\/uploads\/2024\/05\/AMINIMA-Reunion_PtiChouchoux2-Porte-Voix-1024x683.jpg 1024w, https:\/\/leportevoix.fr\/wp-content\/uploads\/2024\/05\/AMINIMA-Reunion_PtiChouchoux2-Porte-Voix.jpg 1280w\" sizes=\"auto, (max-width: 768px) 100vw, 768px\" \/><\/div><\/div>\t\t\t\t<div class=\"grve-bg-white grve-hover-overlay grve-opacity-0\"><\/div>\r\n\t\t\t<\/div>\r\n\t<\/div>\r\n\t\t\t<\/div>\r\n\t\t<\/div>\r\n\t\t<div class=\"grve-entry-item grve-popup-item \">\r\n\t\t\t<div class=\"grve-isotope-item-inner\">\r\n\t\t\t\t<div class=\"grve-hover-item grve-hover-style-1\">\r\n\t<div class=\"grve-image-hover grve-media grve-none\">\r\n\t\t\t\t<div class=\"grve-thumbnail-wrapper\"><div class=\"grve-thumbnail\"  style=\"padding-top: 66.667%;\"><img loading=\"lazy\" decoding=\"async\" width=\"768\" height=\"512\" src=\"https:\/\/leportevoix.fr\/wp-content\/uploads\/2024\/05\/AMINIMA-Reunion_ClassePasserelle-Porte-Voix-768x512.jpg\" class=\"attachment-medium_large size-medium_large\" alt=\"actions territoire\" data-column-space=\"100\" data-lazyload=\"\" data-grve-filter=\"yes\" srcset=\"https:\/\/leportevoix.fr\/wp-content\/uploads\/2024\/05\/AMINIMA-Reunion_ClassePasserelle-Porte-Voix-768x512.jpg 768w, https:\/\/leportevoix.fr\/wp-content\/uploads\/2024\/05\/AMINIMA-Reunion_ClassePasserelle-Porte-Voix-300x200.jpg 300w, https:\/\/leportevoix.fr\/wp-content\/uploads\/2024\/05\/AMINIMA-Reunion_ClassePasserelle-Porte-Voix-1024x683.jpg 1024w, https:\/\/leportevoix.fr\/wp-content\/uploads\/2024\/05\/AMINIMA-Reunion_ClassePasserelle-Porte-Voix.jpg 1280w\" sizes=\"auto, (max-width: 768px) 100vw, 768px\" \/><\/div><\/div>\t\t\t\t<div class=\"grve-bg-white grve-hover-overlay grve-opacity-0\"><\/div>\r\n\t\t\t<\/div>\r\n\t<\/div>\r\n\t\t\t<\/div>\r\n\t\t<\/div>\r\n\t\t<div class=\"grve-entry-item grve-popup-item \">\r\n\t\t\t<div class=\"grve-isotope-item-inner\">\r\n\t\t\t\t<div class=\"grve-hover-item grve-hover-style-1\">\r\n\t<div class=\"grve-image-hover grve-media grve-none\">\r\n\t\t\t\t<div class=\"grve-thumbnail-wrapper\"><div class=\"grve-thumbnail\"  style=\"padding-top: 75%;\"><img loading=\"lazy\" decoding=\"async\" width=\"768\" height=\"576\" src=\"https:\/\/leportevoix.fr\/wp-content\/uploads\/2024\/05\/AMiNiMA-Reunion_CrecheStPierre-cSandrine-Turpin.jpg-768x576.jpg\" class=\"attachment-medium_large size-medium_large\" alt=\"\" data-column-space=\"100\" data-lazyload=\"\" data-grve-filter=\"yes\" srcset=\"https:\/\/leportevoix.fr\/wp-content\/uploads\/2024\/05\/AMiNiMA-Reunion_CrecheStPierre-cSandrine-Turpin.jpg-768x576.jpg 768w, https:\/\/leportevoix.fr\/wp-content\/uploads\/2024\/05\/AMiNiMA-Reunion_CrecheStPierre-cSandrine-Turpin.jpg-300x225.jpg 300w, https:\/\/leportevoix.fr\/wp-content\/uploads\/2024\/05\/AMiNiMA-Reunion_CrecheStPierre-cSandrine-Turpin.jpg-560x420.jpg 560w, https:\/\/leportevoix.fr\/wp-content\/uploads\/2024\/05\/AMiNiMA-Reunion_CrecheStPierre-cSandrine-Turpin.jpg-900x675.jpg 900w, https:\/\/leportevoix.fr\/wp-content\/uploads\/2024\/05\/AMiNiMA-Reunion_CrecheStPierre-cSandrine-Turpin.jpg.jpg 1024w\" sizes=\"auto, (max-width: 768px) 100vw, 768px\" \/><\/div><\/div>\t\t\t\t<div class=\"grve-bg-white grve-hover-overlay grve-opacity-0\"><\/div>\r\n\t\t\t<\/div>\r\n\t<\/div>\r\n\t\t\t<\/div>\r\n\t\t<\/div>\r\n\t<\/div>\r\n<\/div>\r\n[\/vc_column][\/vc_row][\/vc_section]<\/p>\n<\/div>","protected":false},"excerpt":{"rendered":"<p>[vc_section el_id=&#8221;start&#8221;][vc_row][vc_column width=&#8221;1\/6&#8243;][\/vc_column][vc_column width=&#8221;2\/3&#8243;][vc_column_text css=&#8221;&#8221;]The projects we develop with our audiences take many forms, in time and space&#8230; They play a fundamental role in the life of the company and help us to keep in touch with childhood, weaving essential links over time between the audience, the regions and the company.[\/vc_column_text][\/vc_column][vc_column width=&#8221;1\/6&#8243;][\/vc_column][\/vc_row][vc_row padding_bottom_multiplier=&#8221;2x&#8221;][vc_column width=&#8221;1\/6&#8243;][\/vc_column][vc_column width=&#8221;2\/3&#8243;][\/vc_column][vc_column [&hellip;]<\/p>\n","protected":false},"author":1,"featured_media":920,"parent":0,"menu_order":0,"comment_status":"closed","ping_status":"closed","template":"","meta":{"iawp_total_views":15,"footnotes":""},"class_list":["post-1048","page","type-page","status-publish","has-post-thumbnail","hentry","grve-entry-item"],"yoast_head":"<!-- This site is optimized with the Yoast SEO plugin v26.9 - https:\/\/yoast.com\/product\/yoast-seo-wordpress\/ -->\n<title>Close to the audience, federating communities - Le Porte-Voix<\/title>\n<meta name=\"description\" content=\"Workshops, training, local initiatives... Close to the audience, federating communities, essential links between audiences, regions and the company\" \/>\n<meta name=\"robots\" content=\"index, follow, max-snippet:-1, max-image-preview:large, max-video-preview:-1\" \/>\n<link rel=\"canonical\" href=\"https:\/\/leportevoix.fr\/en\/autour-des-publics\/\" \/>\n<meta property=\"og:locale\" content=\"en_US\" \/>\n<meta property=\"og:type\" content=\"article\" \/>\n<meta property=\"og:title\" content=\"Close to the audience, federating communities - Le Porte-Voix\" \/>\n<meta property=\"og:description\" content=\"Workshops, training, local initiatives... Close to the audience, federating communities, essential links between audiences, regions and the company\" \/>\n<meta property=\"og:url\" content=\"https:\/\/leportevoix.fr\/en\/autour-des-publics\/\" \/>\n<meta property=\"og:site_name\" content=\"Le Porte-Voix\" \/>\n<meta property=\"article:publisher\" content=\"https:\/\/www.facebook.com\/CompagniePorteVoix\/\" \/>\n<meta property=\"article:modified_time\" content=\"2024-06-13T06:59:20+00:00\" \/>\n<meta property=\"og:image\" content=\"https:\/\/leportevoix.fr\/wp-content\/uploads\/2024\/05\/autour-des-publics-2000-darker.jpg\" \/>\n\t<meta property=\"og:image:width\" content=\"1920\" \/>\n\t<meta property=\"og:image:height\" content=\"1060\" \/>\n\t<meta property=\"og:image:type\" content=\"image\/jpeg\" \/>\n<meta name=\"twitter:card\" content=\"summary_large_image\" \/>\n<meta name=\"twitter:label1\" content=\"Est. reading time\" \/>\n\t<meta name=\"twitter:data1\" content=\"14 minutes\" \/>\n<script type=\"application\/ld+json\" class=\"yoast-schema-graph\">{\"@context\":\"https:\/\/schema.org\",\"@graph\":[{\"@type\":\"WebPage\",\"@id\":\"https:\/\/leportevoix.fr\/en\/autour-des-publics\/\",\"url\":\"https:\/\/leportevoix.fr\/en\/autour-des-publics\/\",\"name\":\"Close to the audience, federating communities - Le Porte-Voix\",\"isPartOf\":{\"@id\":\"https:\/\/leportevoix.fr\/#website\"},\"primaryImageOfPage\":{\"@id\":\"https:\/\/leportevoix.fr\/en\/autour-des-publics\/#primaryimage\"},\"image\":{\"@id\":\"https:\/\/leportevoix.fr\/en\/autour-des-publics\/#primaryimage\"},\"thumbnailUrl\":\"https:\/\/leportevoix.fr\/wp-content\/uploads\/2024\/05\/autour-des-publics-2000-darker.jpg\",\"datePublished\":\"2024-05-05T15:09:35+00:00\",\"dateModified\":\"2024-06-13T06:59:20+00:00\",\"description\":\"Workshops, training, local initiatives... Close to the audience, federating communities, essential links between audiences, regions and the company\",\"breadcrumb\":{\"@id\":\"https:\/\/leportevoix.fr\/en\/autour-des-publics\/#breadcrumb\"},\"inLanguage\":\"en-US\",\"potentialAction\":[{\"@type\":\"ReadAction\",\"target\":[\"https:\/\/leportevoix.fr\/en\/autour-des-publics\/\"]}]},{\"@type\":\"ImageObject\",\"inLanguage\":\"en-US\",\"@id\":\"https:\/\/leportevoix.fr\/en\/autour-des-publics\/#primaryimage\",\"url\":\"https:\/\/leportevoix.fr\/wp-content\/uploads\/2024\/05\/autour-des-publics-2000-darker.jpg\",\"contentUrl\":\"https:\/\/leportevoix.fr\/wp-content\/uploads\/2024\/05\/autour-des-publics-2000-darker.jpg\",\"width\":1920,\"height\":1060},{\"@type\":\"BreadcrumbList\",\"@id\":\"https:\/\/leportevoix.fr\/en\/autour-des-publics\/#breadcrumb\",\"itemListElement\":[{\"@type\":\"ListItem\",\"position\":1,\"name\":\"Accueil\",\"item\":\"https:\/\/leportevoix.fr\/en\/\"},{\"@type\":\"ListItem\",\"position\":2,\"name\":\"Close to the audience, federating communities\"}]},{\"@type\":\"WebSite\",\"@id\":\"https:\/\/leportevoix.fr\/#website\",\"url\":\"https:\/\/leportevoix.fr\/\",\"name\":\"Le Porte-Voix\",\"description\":\"Th\u00e9\u00e2tre musical pour l&#039;enfance\",\"publisher\":{\"@id\":\"https:\/\/leportevoix.fr\/#organization\"},\"potentialAction\":[{\"@type\":\"SearchAction\",\"target\":{\"@type\":\"EntryPoint\",\"urlTemplate\":\"https:\/\/leportevoix.fr\/?s={search_term_string}\"},\"query-input\":{\"@type\":\"PropertyValueSpecification\",\"valueRequired\":true,\"valueName\":\"search_term_string\"}}],\"inLanguage\":\"en-US\"},{\"@type\":\"Organization\",\"@id\":\"https:\/\/leportevoix.fr\/#organization\",\"name\":\"Le Porte-Voix\",\"url\":\"https:\/\/leportevoix.fr\/\",\"logo\":{\"@type\":\"ImageObject\",\"inLanguage\":\"en-US\",\"@id\":\"https:\/\/leportevoix.fr\/#\/schema\/logo\/image\/\",\"url\":\"https:\/\/leportevoix.fr\/wp-content\/uploads\/2024\/04\/porte-voix-logo-avec-slogan.png\",\"contentUrl\":\"https:\/\/leportevoix.fr\/wp-content\/uploads\/2024\/04\/porte-voix-logo-avec-slogan.png\",\"width\":600,\"height\":197,\"caption\":\"Le Porte-Voix\"},\"image\":{\"@id\":\"https:\/\/leportevoix.fr\/#\/schema\/logo\/image\/\"},\"sameAs\":[\"https:\/\/www.facebook.com\/CompagniePorteVoix\/\"]}]}<\/script>\n<!-- \/ Yoast SEO plugin. -->","yoast_head_json":{"title":"Close to the audience, federating communities - Le Porte-Voix","description":"Workshops, training, local initiatives... Close to the audience, federating communities, essential links between audiences, regions and the company","robots":{"index":"index","follow":"follow","max-snippet":"max-snippet:-1","max-image-preview":"max-image-preview:large","max-video-preview":"max-video-preview:-1"},"canonical":"https:\/\/leportevoix.fr\/en\/autour-des-publics\/","og_locale":"en_US","og_type":"article","og_title":"Close to the audience, federating communities - Le Porte-Voix","og_description":"Workshops, training, local initiatives... Close to the audience, federating communities, essential links between audiences, regions and the company","og_url":"https:\/\/leportevoix.fr\/en\/autour-des-publics\/","og_site_name":"Le Porte-Voix","article_publisher":"https:\/\/www.facebook.com\/CompagniePorteVoix\/","article_modified_time":"2024-06-13T06:59:20+00:00","og_image":[{"width":1920,"height":1060,"url":"https:\/\/leportevoix.fr\/wp-content\/uploads\/2024\/05\/autour-des-publics-2000-darker.jpg","type":"image\/jpeg"}],"twitter_card":"summary_large_image","twitter_misc":{"Est. reading time":"14 minutes"},"schema":{"@context":"https:\/\/schema.org","@graph":[{"@type":"WebPage","@id":"https:\/\/leportevoix.fr\/en\/autour-des-publics\/","url":"https:\/\/leportevoix.fr\/en\/autour-des-publics\/","name":"Close to the audience, federating communities - Le Porte-Voix","isPartOf":{"@id":"https:\/\/leportevoix.fr\/#website"},"primaryImageOfPage":{"@id":"https:\/\/leportevoix.fr\/en\/autour-des-publics\/#primaryimage"},"image":{"@id":"https:\/\/leportevoix.fr\/en\/autour-des-publics\/#primaryimage"},"thumbnailUrl":"https:\/\/leportevoix.fr\/wp-content\/uploads\/2024\/05\/autour-des-publics-2000-darker.jpg","datePublished":"2024-05-05T15:09:35+00:00","dateModified":"2024-06-13T06:59:20+00:00","description":"Workshops, training, local initiatives... Close to the audience, federating communities, essential links between audiences, regions and the company","breadcrumb":{"@id":"https:\/\/leportevoix.fr\/en\/autour-des-publics\/#breadcrumb"},"inLanguage":"en-US","potentialAction":[{"@type":"ReadAction","target":["https:\/\/leportevoix.fr\/en\/autour-des-publics\/"]}]},{"@type":"ImageObject","inLanguage":"en-US","@id":"https:\/\/leportevoix.fr\/en\/autour-des-publics\/#primaryimage","url":"https:\/\/leportevoix.fr\/wp-content\/uploads\/2024\/05\/autour-des-publics-2000-darker.jpg","contentUrl":"https:\/\/leportevoix.fr\/wp-content\/uploads\/2024\/05\/autour-des-publics-2000-darker.jpg","width":1920,"height":1060},{"@type":"BreadcrumbList","@id":"https:\/\/leportevoix.fr\/en\/autour-des-publics\/#breadcrumb","itemListElement":[{"@type":"ListItem","position":1,"name":"Accueil","item":"https:\/\/leportevoix.fr\/en\/"},{"@type":"ListItem","position":2,"name":"Close to the audience, federating communities"}]},{"@type":"WebSite","@id":"https:\/\/leportevoix.fr\/#website","url":"https:\/\/leportevoix.fr\/","name":"Le Porte-Voix","description":"Th\u00e9\u00e2tre musical pour l&#039;enfance","publisher":{"@id":"https:\/\/leportevoix.fr\/#organization"},"potentialAction":[{"@type":"SearchAction","target":{"@type":"EntryPoint","urlTemplate":"https:\/\/leportevoix.fr\/?s={search_term_string}"},"query-input":{"@type":"PropertyValueSpecification","valueRequired":true,"valueName":"search_term_string"}}],"inLanguage":"en-US"},{"@type":"Organization","@id":"https:\/\/leportevoix.fr\/#organization","name":"Le Porte-Voix","url":"https:\/\/leportevoix.fr\/","logo":{"@type":"ImageObject","inLanguage":"en-US","@id":"https:\/\/leportevoix.fr\/#\/schema\/logo\/image\/","url":"https:\/\/leportevoix.fr\/wp-content\/uploads\/2024\/04\/porte-voix-logo-avec-slogan.png","contentUrl":"https:\/\/leportevoix.fr\/wp-content\/uploads\/2024\/04\/porte-voix-logo-avec-slogan.png","width":600,"height":197,"caption":"Le Porte-Voix"},"image":{"@id":"https:\/\/leportevoix.fr\/#\/schema\/logo\/image\/"},"sameAs":["https:\/\/www.facebook.com\/CompagniePorteVoix\/"]}]}},"_links":{"self":[{"href":"https:\/\/leportevoix.fr\/en\/wp-json\/wp\/v2\/pages\/1048","targetHints":{"allow":["GET"]}}],"collection":[{"href":"https:\/\/leportevoix.fr\/en\/wp-json\/wp\/v2\/pages"}],"about":[{"href":"https:\/\/leportevoix.fr\/en\/wp-json\/wp\/v2\/types\/page"}],"author":[{"embeddable":true,"href":"https:\/\/leportevoix.fr\/en\/wp-json\/wp\/v2\/users\/1"}],"replies":[{"embeddable":true,"href":"https:\/\/leportevoix.fr\/en\/wp-json\/wp\/v2\/comments?post=1048"}],"version-history":[{"count":6,"href":"https:\/\/leportevoix.fr\/en\/wp-json\/wp\/v2\/pages\/1048\/revisions"}],"predecessor-version":[{"id":1220,"href":"https:\/\/leportevoix.fr\/en\/wp-json\/wp\/v2\/pages\/1048\/revisions\/1220"}],"wp:featuredmedia":[{"embeddable":true,"href":"https:\/\/leportevoix.fr\/en\/wp-json\/wp\/v2\/media\/920"}],"wp:attachment":[{"href":"https:\/\/leportevoix.fr\/en\/wp-json\/wp\/v2\/media?parent=1048"}],"curies":[{"name":"wp","href":"https:\/\/api.w.org\/{rel}","templated":true}]}}